{"id":42,"date":"2016-11-30T23:35:33","date_gmt":"2016-11-30T22:35:33","guid":{"rendered":"http:\/\/atelier-coworking.de\/?page_id=42"},"modified":"2026-04-21T22:34:57","modified_gmt":"2026-04-21T20:34:57","slug":"coworker","status":"publish","type":"page","link":"http:\/\/atelier-salon.de\/?page_id=42","title":{"rendered":"Termine\/Impressionen"},"content":{"rendered":"\n<p><strong>Freitag, 08. Mai 2026, 19.00 Uhr \u2022Konzert<\/strong><\/p>\n\n\n\n<ul class=\"wp-block-list\">\n<li>Gesang: Susi Peroci<\/li>\n\n\n\n<li>Piano: Dr. Blue<\/li>\n\n\n\n<li>Saxophon: Chris Keller<\/li>\n\n\n\n<li>Schlagzeug: G\u00fcnter Log\u00e9<\/li>\n<\/ul>\n\n\n\n<p>Eintritt 15 \u20ac, erm\u00e4\u00dfigt 12 \u20ac<\/p>\n\n\n\n<figure class=\"wp-block-image is-resized\"><img decoding=\"async\" src=\"https:\/\/kulturnetz-landau.de\/media\/c\/images\/events\/swing_W7ImoMN\/83587e2312a3d6cea0462bbbd4c29412.jpg\" alt=\"swingTonic &amp; Dr. Blue\" style=\"aspect-ratio:1.4982150172645872;width:606px;height:auto\" title=\"swingTonic &amp; Dr. Blue\"\/><\/figure>\n\n\n\n<h2 class=\"wp-block-heading\"><strong>Mi, 15. April 2026, 18:30 Uhr \u2022 Literatur<\/strong><\/h2>\n\n\n\n<h1 class=\"wp-block-heading\">\u201eLa maison vide\u201c<\/h1>\n\n\n\n<p><strong>Literarischer Salon<\/strong><\/p>\n\n\n\n<figure class=\"wp-block-image is-resized\"><img decoding=\"async\" src=\"https:\/\/kulturnetz-landau.de\/media\/c\/images\/events\/laurent\/f38a546a3c3d979b2cadca881deddeb0.jpg\" alt=\"\u201eLa maison vide\u201c\" style=\"width:452px;height:auto\" title=\"\u201eLa maison vide\u201c\"\/><\/figure>\n\n\n\n<p>Foto\/Illustration: Pymouss, CC BY-SA 4.0<\/p>\n\n\n\n<p>Die Deutsch-Franz\u00f6sische Gesellschaft (DFG) Landau und die Romanistik der RPTU Kaiserslautern-Landau laden zu einem Abend mit Literatur und Diskussion ein. Im Mittelpunkt des dritten Literarischen Salons steht der Roman \u201eLa maison vide\u201c (Das leere Haus) des franz\u00f6sischen Autors Laurent Mauvignier. F\u00fcr den Roman, in dem der Autor auf Teile seiner eigene Familiengeschichte zur\u00fcckgreift, hat Mauvignier 2025 den renommierten franz\u00f6sischen Literaturpreis Prix Goncourt erhalten.<\/p>\n\n\n\n<p>\u201eLa maison vide\u201c entfaltet anhand von zwei Frauenschicksalen ein gro\u00dfes Epos franz\u00f6sischer Geschichte vom Ende des 19. bis zur Mitte des 20. Jahrhunderts. Mauvigniers Ur-Gro\u00dfmutter Marie-Ernestine und die Gro\u00dfmutter Marguerite m\u00fcssen sich den Herausforderungen zweier Weltkriege stellen.<\/p>\n\n\n\n<p>Die beiden Romanisten Gregor Schuhen und Lars Henk von der RPTU und Lucile Thoyer werden in einem Gespr\u00e4ch zentrale Themen und literarische Besonderheiten des Familienromans beleuchten. Der Abend verbindet wissenschaftliche Einordnung mit literarischem Erlebnis: Ausgew\u00e4hlte Passagen werden im franz\u00f6sischen Original und in der deutschen \u00dcbersetzung gelesen und rahmen die Diskussion.<\/p>\n\n\n\n<p>Eintritt 8.00 \u20ac<\/p>\n\n\n\n<p><\/p>\n\n\n\n<figure class=\"wp-block-image size-large is-resized\"><img loading=\"lazy\" decoding=\"async\" width=\"1024\" height=\"1020\" src=\"http:\/\/atelier-salon.de\/wp-content\/uploads\/2026\/03\/screeshot-1024x1020.png\" alt=\"\" class=\"wp-image-1082\" style=\"aspect-ratio:1.0050288833635566;width:532px;height:auto\" srcset=\"http:\/\/atelier-salon.de\/wp-content\/uploads\/2026\/03\/screeshot-1024x1020.png 1024w, http:\/\/atelier-salon.de\/wp-content\/uploads\/2026\/03\/screeshot-300x300.png 300w, http:\/\/atelier-salon.de\/wp-content\/uploads\/2026\/03\/screeshot-150x150.png 150w, http:\/\/atelier-salon.de\/wp-content\/uploads\/2026\/03\/screeshot-768x765.png 768w, http:\/\/atelier-salon.de\/wp-content\/uploads\/2026\/03\/screeshot.png 1598w\" sizes=\"auto, (max-width: 1024px) 100vw, 1024px\" \/><\/figure>\n\n\n\n<h2 class=\"wp-block-heading\">Axel Birgin, Skulpturen,<\/h2>\n\n\n\n<h2 class=\"wp-block-heading\">Vernissage 14. M\u00e4rz 2026, 11.00 Uhr<\/h2>\n\n\n\n<p>Als Ausgangspunkt f\u00fcr meine Arbeiten w\u00e4hle ich Materialien, welche nicht im Zusammenhang des<\/p>\n\n\n\n<p>letztendlich Sichtbaren stehen. Das eigentliche Bild setzt sich erst zwischen den Ohren zusammen. <\/p>\n\n\n\n<p>Erst dadurch, dass der Betrachter gezwungen ist seine Erfahrungen mit einzubringen, um das Bild zu vervollst\u00e4ndigen, entsteht eine eigene Interpretation des Werkes.<\/p>\n\n\n\n<p>Das Ziel hierbei ist, nichts hinzu f\u00fcgen- sondern weg zu lassen!<\/p>\n\n\n\n<p>Und dabei den Humor nicht vergessen.<\/p>\n\n\n\n<p>Die Frage, welche ich mit meinen Kunstwerken stellen m\u00f6chte ist von grunds\u00e4tzlicher Art:<\/p>\n\n\n\n<p>\u201eWie sehen wir?&#8220;<\/p>\n\n\n\n<h2 class=\"wp-block-heading\"><br><strong>&nbsp;&nbsp;<\/strong>Philosophisches Cafe<\/h2>\n\n\n\n<h2 class=\"wp-block-heading\">08. Februar, 11.00 &#8211; 13.00 Uhr, Eintritt 7,00 \u20ac<\/h2>\n\n\n\n<h2 class=\"wp-block-heading\">&#8222;Religion und Rechtsstaat &#8211; Glaubensfreiheit und ihre Grenzen&#8220;<br><br>Prof. Dr. Wolfgang Pauly<\/h2>\n\n\n\n<figure class=\"wp-block-image size-large is-resized\"><img loading=\"lazy\" decoding=\"async\" width=\"1003\" height=\"1024\" src=\"https:\/\/atelier-salon.de\/wp-content\/uploads\/2025\/11\/PNG-Bild-1003x1024.png\" alt=\"\" class=\"wp-image-1042\" style=\"width:566px;height:577px\" srcset=\"http:\/\/atelier-salon.de\/wp-content\/uploads\/2025\/11\/PNG-Bild-1003x1024.png 1003w, http:\/\/atelier-salon.de\/wp-content\/uploads\/2025\/11\/PNG-Bild-294x300.png 294w, http:\/\/atelier-salon.de\/wp-content\/uploads\/2025\/11\/PNG-Bild-768x784.png 768w, http:\/\/atelier-salon.de\/wp-content\/uploads\/2025\/11\/PNG-Bild.png 1436w\" sizes=\"auto, (max-width: 1003px) 100vw, 1003px\" \/><\/figure>\n\n\n\n<h2 class=\"wp-block-heading\"><strong>JazzMatinee mit Marys Jazzclub<\/strong><\/h2>\n\n\n\n<h2 class=\"wp-block-heading\"><strong>Samstag, 07. Februar 2026<\/strong><\/h2>\n\n\n\n<h2 class=\"wp-block-heading\"><strong>11.00 Uhr<\/strong><\/h2>\n\n\n\n<h2 class=\"wp-block-heading\"><strong>Eintritt frei _ um Spenden f\u00fcr die Band wird gebeten<\/strong><\/h2>\n\n\n\n<figure class=\"wp-block-image size-large\"><img loading=\"lazy\" decoding=\"async\" width=\"721\" height=\"1024\" src=\"https:\/\/atelier-salon.de\/wp-content\/uploads\/2026\/02\/PHOTO-2026-01-20-06-58-20-721x1024.jpg\" alt=\"\" class=\"wp-image-1066\" srcset=\"http:\/\/atelier-salon.de\/wp-content\/uploads\/2026\/02\/PHOTO-2026-01-20-06-58-20-721x1024.jpg 721w, http:\/\/atelier-salon.de\/wp-content\/uploads\/2026\/02\/PHOTO-2026-01-20-06-58-20-211x300.jpg 211w, http:\/\/atelier-salon.de\/wp-content\/uploads\/2026\/02\/PHOTO-2026-01-20-06-58-20-768x1091.jpg 768w, http:\/\/atelier-salon.de\/wp-content\/uploads\/2026\/02\/PHOTO-2026-01-20-06-58-20.jpg 1068w\" sizes=\"auto, (max-width: 721px) 100vw, 721px\" \/><\/figure>\n\n\n\n<p><\/p>\n\n\n\n<div class=\"wp-block-group is-nowrap is-layout-flex wp-container-core-group-is-layout-ad2f72ca wp-block-group-is-layout-flex\">\n<p><strong>06.Dezember 2025, 11.00 Uhr<\/strong><\/p>\n<\/div>\n\n\n\n<p>Vernissage mit K\u00fcnstlergespr\u00e4ch<\/p>\n\n\n\n<p>Dabei stellen wir die Frage: Was ist Kunst?<\/p>\n\n\n\n<p><br><strong>OTTO FREII<\/strong>&nbsp;ist Asperger Artist f\u00fcr experimentelle Kunst als Lebensentwurf. Der k\u00fcnstlerische Ausdruck umfasst unterschiedliche Kunstgattungen und eine Schaffenszeit von mehr als 40 Jahren. Beginnend mit Versuchen, es zu machen wie alle angeblich gro\u00dfen K\u00fcnstler \u2026 hin zu mehr und mehr Kontrollverlust. Auch unbekannt als Herrenlose Damenhandtasche &amp; Maria v. Boisse.<\/p>\n\n\n\n<p><br><em><strong>&#8222;Kunst ist die radikalste Form der Selbstentbl\u00f6\u00dfung, weil sie \u00f6ffentliches Scheitern zul\u00e4sst.\u201c<\/strong><\/em><\/p>\n\n\n\n<p><\/p>\n\n\n\n<p><\/p>\n\n\n\n<p><\/p>\n\n\n\n<figure class=\"wp-block-image size-large\"><img loading=\"lazy\" decoding=\"async\" width=\"1024\" height=\"483\" src=\"https:\/\/atelier-salon.de\/wp-content\/uploads\/2025\/12\/Bildschirmfoto-2025-12-01-um-17.51.05-1024x483.png\" alt=\"\" class=\"wp-image-1047\" srcset=\"http:\/\/atelier-salon.de\/wp-content\/uploads\/2025\/12\/Bildschirmfoto-2025-12-01-um-17.51.05-1024x483.png 1024w, http:\/\/atelier-salon.de\/wp-content\/uploads\/2025\/12\/Bildschirmfoto-2025-12-01-um-17.51.05-300x142.png 300w, http:\/\/atelier-salon.de\/wp-content\/uploads\/2025\/12\/Bildschirmfoto-2025-12-01-um-17.51.05-768x362.png 768w, http:\/\/atelier-salon.de\/wp-content\/uploads\/2025\/12\/Bildschirmfoto-2025-12-01-um-17.51.05.png 1272w\" sizes=\"auto, (max-width: 1024px) 100vw, 1024px\" \/><\/figure>\n\n\n\n<p><strong>28.11.2025, 18.00 Uhr<\/strong><\/p>\n\n\n\n<p><strong>Finissage<\/strong><strong>\/ Konzert<\/strong><\/p>\n\n\n\n<p>&#8222;weiblich, ukrainisch, emigriert&#8220;<br>&nbsp; Ein&nbsp;Mix aus Kunst, Kultur und Leben &nbsp; &nbsp; &nbsp; &nbsp; &nbsp; &nbsp; &nbsp; &nbsp;&nbsp;<\/p>\n\n\n\n<p>18.00 Sektempfang<br>Begr\u00fc\u00dfung \/ Atelier-Salon<br>Aufruf \u201eSchuhgeschichten\u201c \/ Anne-Marie Sprenger<br>Konzert \/&nbsp;<br><strong>Maria Parkhomenko (Bandura)&nbsp;<\/strong><br><strong>Ruslana Voitkevich (Gesang) und Oleksandr Perlovskyi (Klarinette)<\/strong><br><strong><\/strong><\/p>\n\n\n\n<p>Es liegt eine ber\u00fchrende Zeit der Anteilnahme und des Mitgef\u00fchls hinter uns,<br>welche sich durch die vielen Besucher*Innen der Ausstellung und die intensive Besch\u00e4ftigung&nbsp;<br>mit den Inhalten der Videoaufzeichnungen&nbsp;gezeigt hat.<br>Danke Alena, Nataliia, Tatjana, Liubov, Svitlana, Yuliia, Anhelina und Viktoriia&nbsp;f\u00fcr eure Offenheit und euer&nbsp;Vertrauen,&nbsp;welches ihr diesem Projekt entgegengebracht habt.<\/p>\n\n\n\n<p>An diesem, letzten Abend haben Sie nochmals Gelegenheit in die k\u00fcnstlerischen Werke und Erz\u00e4hlungen&nbsp;<br>dieser ukrainischen Frauen&nbsp;einzutauchen und z.t. k\u00e4uflich zu erwerben.<\/p>\n\n\n\n<p><strong>Eintritt frei<\/strong><br><strong>Um&nbsp;Spenden f\u00fcr die Musiker*Innen wird gebeten<\/strong><\/p>\n\n\n\n<p>\ufeff<\/p>\n\n\n\n<p><\/p>\n\n\n\n<figure class=\"wp-block-image size-full is-resized\"><img loading=\"lazy\" decoding=\"async\" width=\"648\" height=\"418\" src=\"https:\/\/atelier-salon.de\/wp-content\/uploads\/2025\/11\/1000082633.jpg\" alt=\"\" class=\"wp-image-1037\" style=\"width:797px;height:514px\" srcset=\"http:\/\/atelier-salon.de\/wp-content\/uploads\/2025\/11\/1000082633.jpg 648w, http:\/\/atelier-salon.de\/wp-content\/uploads\/2025\/11\/1000082633-300x194.jpg 300w\" sizes=\"auto, (max-width: 648px) 100vw, 648px\" \/><\/figure>\n\n\n\n<p><\/p>\n\n\n\n<p><\/p>\n\n\n\n\n\n<p><strong>&nbsp;Philosophisches Cafe\u00b4<\/strong><\/p>\n\n\n\n<p>&#8222;Toleranz &#8222;, Facetten eines umstrittenen Begriffs<\/p>\n\n\n\n<p>Am Sonntag, 2. November 2025, laden wir Sie \/ euch erneut ins philosophischen<br>Cafe\u00b4ein.&nbsp;<br>Von 11:00 bis 13:30 Uhr er\u00f6rtern wir gemeinsam mit den<br>anwesenden G\u00e4sten das Thema &#8218;Toleranz&#8216; in all seinen Bedeutungsfacetten.<\/p>\n\n\n\n<p>Als Referent steht diesmal der Philosoph Dr. Jochen K\u00f6nig aus Heidelberg bereit, der sich durch seine rege<br>Vortragst\u00e4tigkeit einen Namen in der Fachwelt erworben hat. Nach einer kurzen Vorstellung des Referenten&nbsp;<br>sowie kurzen Einleitung in das Thema wird Dr. K\u00f6nig die Veranstaltung mit einem einf\u00fchrenden Impulsvortrag<br>beginnen, der dem Thema \u201eToleranz\u201c gewidmet ist. Hierbei wird nicht nur der Frage nach der grunds\u00e4tzlichen&nbsp;<br>Bedeutung des Begriffes nachgegangen, sondern auch er\u00f6rtert, welche unterschiedlichen Anspr\u00fcche hieran<br>gestellt werden k\u00f6nnen, wann Toleranz situativ geboten ist und welche Rolle hierbei kulturelle, ethische und&nbsp;<br>politische Bedingungen gerade in einer pluralistischen Gesellschaft spielen.<\/p>\n\n\n\n<p>In der Pause besteht wie \u00fcblich hinreichend Gelegenheit, bei Kaffee und Kuchen untereinander ins Gespr\u00e4ch<br>zu kommen. Hieran anschlie\u00dfend wird im zweiten Teil der Veranstaltung zun\u00e4chst die Gelegenheit zur Kl\u00e4rung<br>von Verst\u00e4ndnisfragen geboten, um hierauf den Teilnehmenden schlie\u00dflich die offene aber auch kontroverse&nbsp;<br>Diskussion auf Augenh\u00f6he zu erm\u00f6glichen.<\/p>\n\n\n\n<p>Die Moderation hat wie bisher der Diplompsychologe Wolfgang M\u00fcller.<\/p>\n\n\n\n<p>Eintritt : 7 Euro<\/p>\n\n\n\n<p><\/p>\n\n\n\n<p><\/p>\n\n\n\n<figure class=\"wp-block-image size-large is-resized\"><img loading=\"lazy\" decoding=\"async\" width=\"1003\" height=\"1024\" src=\"https:\/\/atelier-salon.de\/wp-content\/uploads\/2025\/11\/PNG-Bild-1003x1024.png\" alt=\"\" class=\"wp-image-1042\" style=\"width:566px;height:577px\" srcset=\"http:\/\/atelier-salon.de\/wp-content\/uploads\/2025\/11\/PNG-Bild-1003x1024.png 1003w, http:\/\/atelier-salon.de\/wp-content\/uploads\/2025\/11\/PNG-Bild-294x300.png 294w, http:\/\/atelier-salon.de\/wp-content\/uploads\/2025\/11\/PNG-Bild-768x784.png 768w, http:\/\/atelier-salon.de\/wp-content\/uploads\/2025\/11\/PNG-Bild.png 1436w\" sizes=\"auto, (max-width: 1003px) 100vw, 1003px\" \/><\/figure>\n\n\n\n<p><\/p>\n\n\n\n<p><strong>&#8222;weiblich \/ ukrainisch \/ emigriert&#8220;<\/strong><\/p>\n\n\n\n<p>Ein Mix aus Kunst, Kultur und Leben<\/p>\n\n\n\n<p>Kunstausstellung und Videodokumentation<\/p>\n\n\n\n<p>10.10.2025 &#8211; 28.11.2025<\/p>\n\n\n\n<p>Vernissage 10.10.2025, 18.00 Uhr<\/p>\n\n\n\n<p>Begr\u00fc\u00dfung \/ Ursula Mueller<\/p>\n\n\n\n<p>Gru\u00dfwort \/ Maximilan Ingenthron<\/p>\n\n\n\n<p>Begr\u00fc\u00dfung \/ Nataliia Yaschenka<\/p>\n\n\n\n<p>Einf\u00fchrung \/ Luisa Johannes<\/p>\n\n\n\n<p>musikalische Begleitung \/ Inge Mrotzek, Kontrabass<\/p>\n\n\n\n<p>dazu ukrainische K\u00f6stlichkeiten<\/p>\n\n\n\n<p><\/p>\n\n\n\n<p>Eintritt frei<\/p>\n\n\n\n<figure class=\"wp-block-image size-large\"><img loading=\"lazy\" decoding=\"async\" width=\"1024\" height=\"666\" src=\"https:\/\/atelier-salon.de\/wp-content\/uploads\/2025\/10\/PNG-Bild-1024x666.png\" alt=\"\" class=\"wp-image-1032\" srcset=\"http:\/\/atelier-salon.de\/wp-content\/uploads\/2025\/10\/PNG-Bild-1024x666.png 1024w, http:\/\/atelier-salon.de\/wp-content\/uploads\/2025\/10\/PNG-Bild-300x195.png 300w, http:\/\/atelier-salon.de\/wp-content\/uploads\/2025\/10\/PNG-Bild-768x499.png 768w, http:\/\/atelier-salon.de\/wp-content\/uploads\/2025\/10\/PNG-Bild.png 1400w\" sizes=\"auto, (max-width: 1024px) 100vw, 1024px\" \/><\/figure>\n\n\n\n<h2 class=\"wp-block-heading\">Making of \/ in process<\/h2>\n\n\n\n<p>ab Samstag 02. August 2025<\/p>\n\n\n\n<p>Werden Sie Teil des Projektes &#8222;weiblich \/ ukrainisch \/ emigriert&#8220; und verfolgen Sie die Entwicklungen der Interviews, Filmaufnahmen und Bearbeitung sowie die Kuratierung der Zeichnungen und SchmuckObjekte.<\/p>\n\n\n\n<figure class=\"wp-block-image size-large\"><img loading=\"lazy\" decoding=\"async\" width=\"1024\" height=\"1024\" src=\"https:\/\/atelier-salon.de\/wp-content\/uploads\/2026\/03\/IMG_8206-1024x1024.jpeg\" alt=\"\" class=\"wp-image-1110\" srcset=\"http:\/\/atelier-salon.de\/wp-content\/uploads\/2026\/03\/IMG_8206-1024x1024.jpeg 1024w, http:\/\/atelier-salon.de\/wp-content\/uploads\/2026\/03\/IMG_8206-300x300.jpeg 300w, http:\/\/atelier-salon.de\/wp-content\/uploads\/2026\/03\/IMG_8206-150x150.jpeg 150w, http:\/\/atelier-salon.de\/wp-content\/uploads\/2026\/03\/IMG_8206-768x768.jpeg 768w, http:\/\/atelier-salon.de\/wp-content\/uploads\/2026\/03\/IMG_8206-1536x1536.jpeg 1536w, http:\/\/atelier-salon.de\/wp-content\/uploads\/2026\/03\/IMG_8206-2048x2048.jpeg 2048w\" sizes=\"auto, (max-width: 1024px) 100vw, 1024px\" \/><\/figure>\n\n\n\n<h2 class=\"wp-block-heading\">KulturNacht Landau 2025<\/h2>\n\n\n\n<p>29. August 2025<\/p>\n\n\n\n<p><strong>Monika Schaper,<\/strong> Bildhauerei<\/p>\n\n\n\n<p><strong>Youss Atacora,<\/strong> Malerei<\/p>\n\n\n\n<p><strong>Larissa Kastor,<\/strong> Fotografie<\/p>\n\n\n\n<p><strong>Jazz Session mit Marys JazzClub <\/strong><\/p>\n\n\n\n<figure class=\"wp-block-image size-large\"><img loading=\"lazy\" decoding=\"async\" width=\"1024\" height=\"1024\" src=\"https:\/\/atelier-salon.de\/wp-content\/uploads\/2026\/03\/IMG_7463-1024x1024.jpeg\" alt=\"\" class=\"wp-image-1112\" srcset=\"http:\/\/atelier-salon.de\/wp-content\/uploads\/2026\/03\/IMG_7463-1024x1024.jpeg 1024w, http:\/\/atelier-salon.de\/wp-content\/uploads\/2026\/03\/IMG_7463-300x300.jpeg 300w, http:\/\/atelier-salon.de\/wp-content\/uploads\/2026\/03\/IMG_7463-150x150.jpeg 150w, http:\/\/atelier-salon.de\/wp-content\/uploads\/2026\/03\/IMG_7463-768x768.jpeg 768w, http:\/\/atelier-salon.de\/wp-content\/uploads\/2026\/03\/IMG_7463-1536x1536.jpeg 1536w, http:\/\/atelier-salon.de\/wp-content\/uploads\/2026\/03\/IMG_7463-2048x2048.jpeg 2048w\" sizes=\"auto, (max-width: 1024px) 100vw, 1024px\" \/><\/figure>\n\n\n\n<p><\/p>\n\n\n\n<p><strong>Dieter Hutmacher<\/strong><\/p>\n\n\n\n<p>&#8222;Die Sch\u00f6nen der Nacht&#8220;, Teil 2<br><\/p>\n\n\n\n<p>Holzschnitte und Aquarelle<\/p>\n\n\n\n<p>Vernissage<br>25. April 2025, 19.00 Uhr<\/p>\n\n\n\n<p><br>Willkommen \/ Frau Ursula Mueller<\/p>\n\n\n\n<p>Einf\u00fchrung \/ Frau Luisa Johannes<\/p>\n\n\n\n<p><\/p>\n\n\n\n<p>Eintritt frei<\/p>\n\n\n\n<p>jeden Samstag 10.00 &#8211; 15.00 <\/p>\n\n\n\n<p>die Ausstellung ist zu sehen bis 15. Juni 2025<\/p>\n\n\n\n<figure class=\"wp-block-image size-large\"><img loading=\"lazy\" decoding=\"async\" width=\"1024\" height=\"768\" src=\"https:\/\/atelier-salon.de\/wp-content\/uploads\/2025\/05\/HOLZSCHNITTE-Aquarelle-1024x768.jpg\" alt=\"\" class=\"wp-image-1022\" srcset=\"http:\/\/atelier-salon.de\/wp-content\/uploads\/2025\/05\/HOLZSCHNITTE-Aquarelle-1024x768.jpg 1024w, http:\/\/atelier-salon.de\/wp-content\/uploads\/2025\/05\/HOLZSCHNITTE-Aquarelle-300x225.jpg 300w, http:\/\/atelier-salon.de\/wp-content\/uploads\/2025\/05\/HOLZSCHNITTE-Aquarelle-768x576.jpg 768w, http:\/\/atelier-salon.de\/wp-content\/uploads\/2025\/05\/HOLZSCHNITTE-Aquarelle-1536x1152.jpg 1536w, http:\/\/atelier-salon.de\/wp-content\/uploads\/2025\/05\/HOLZSCHNITTE-Aquarelle.jpg 1600w\" sizes=\"auto, (max-width: 1024px) 100vw, 1024px\" \/><\/figure>\n\n\n\n<p><strong>Philosophisches Cafe\u00b4<\/strong><\/p>\n\n\n\n<p><strong>30.M\u00e4rz 2025<\/strong><\/p>\n\n\n\n<div class=\"wp-block-file\"><a href=\"https:\/\/atelier-salon.de\/wp-content\/uploads\/2025\/05\/HOLZSCHNITTE-Aquarelle.heic\" class=\"wp-block-file__button\" download aria-describedby=\"wp-block-file--media-68fd47bb-506f-443d-9d63-7fcee91b8de6\">Herunterladen<\/a><\/div>\n\n\n\n<p><strong>11.00 Uhr <\/strong><\/p>\n\n\n\n<p>Gemeinsam mit&nbsp;Frau Dr. Ursula Ziegler,&nbsp;Philosophin, besch\u00e4ftigen wir uns&nbsp;mit&nbsp;der brisanten Frage nach dem&nbsp;&#8222;Guten Leben&#8220;und der&nbsp;&#8222;Macht der Worte\u201c&nbsp;und lassen dabei&nbsp;den antiken Philosophen&nbsp;Platon&nbsp;zu Wort kommen.Die immer aktuell bleibende Frage nach der&nbsp;&#8222;Kunst des guten Lebens&#8220;, das hei\u00dft die Frage,<br class=\"\">wie man leben soll, wie ein&nbsp;&#8222;gutes Leben&#8220;&nbsp;gelingen kann, bildet das &#8222;Gravitationszentrum&#8220; im platonischen Werk, wobei das gute Leben des Einzelnen nicht unabh\u00e4ngig von der politischen Gemeinschaft zu denken ist. An diese Fragestellung bindet Platon einerseits seinen Begriff von &#8222;Erkenntnis&#8220;, der in diesem Zusammenhang nie nur ein Wissen \u00fcber eine Sache darstellt, sondern der wesentlich als seelischer Prozess und als eine Immanenz von Theorie und Praxis kenntlich wird. Andererseits verwickelt&nbsp;Sokrates&nbsp;&nbsp;\u2013 er ist der Hauptprotagonist in Platons Dialogen \u2013&nbsp; vor diesem Hintergrund verschiedene, zumeist politisch agierende Personen in ein Gespr\u00e4ch.<\/p>\n\n\n\n<p>Hier wird deutlich, dass Platon der Rolle der Sprache eine gro\u00dfe Bedeutung zumisst. Nicht&nbsp;nur&nbsp;ironisiert Sokrates ein Denken in Schablonen; mehr noch f\u00fchrt er unerm\u00fcdlich die politische,&nbsp;p\u00e4dagogische und ethische Brisanz und Suggestionskraft vor, die von demagogisch-sprachlichen&nbsp;Kunstgriffen ausgehen.&nbsp;&nbsp;Dieser Gefahr stellt Platon gleichzeitig eine philosophisch orientierte&nbsp;&#8222;Macht des Wortes&#8220; gegen\u00fcber.<br><\/p>\n\n\n\n<p>Willkommen \/ Frau Ursula Mueller, Atelier-Salon&nbsp;<\/p>\n\n\n\n<p>Einf\u00fchrung \/ Herr Wolfgang M\u00fcller, Moderator&nbsp;<\/p>\n\n\n\n<p>Vortrag \/ Frau Dr. Ursula Ziegler, Philosophin<\/p>\n\n\n\n<p>Eintritt : 7,00 \u20ac<\/p>\n\n\n\n<p><br>Auch dieses Mal wird die Veranstaltung \u00fcber&nbsp;<a class=\"\" href=\"https:\/\/www.instagram.com\/ateliersalonlandau\/\">https:\/\/www.instagram.com\/ateliersalonlandau\/<\/a>&nbsp;live \u00fcbertragen werden.<\/p>\n\n\n\n<figure class=\"wp-block-image size-large\"><img loading=\"lazy\" decoding=\"async\" width=\"1024\" height=\"613\" src=\"https:\/\/atelier-salon.de\/wp-content\/uploads\/2025\/03\/PNG-Bild-1024x613.png\" alt=\"\" class=\"wp-image-1009\" srcset=\"http:\/\/atelier-salon.de\/wp-content\/uploads\/2025\/03\/PNG-Bild-1024x613.png 1024w, http:\/\/atelier-salon.de\/wp-content\/uploads\/2025\/03\/PNG-Bild-300x180.png 300w, http:\/\/atelier-salon.de\/wp-content\/uploads\/2025\/03\/PNG-Bild-768x460.png 768w, http:\/\/atelier-salon.de\/wp-content\/uploads\/2025\/03\/PNG-Bild-1536x920.png 1536w, http:\/\/atelier-salon.de\/wp-content\/uploads\/2025\/03\/PNG-Bild.png 1550w\" sizes=\"auto, (max-width: 1024px) 100vw, 1024px\" \/><\/figure>\n\n\n\n<h3 class=\"wp-block-heading\"><br>&#8222;Die Sch\u00f6nen der Nacht\u201c <\/h3>\n\n\n\n<h3 class=\"wp-block-heading\">Dieter Huthmacher<br><\/h3>\n\n\n\n<p>Pinselzeichnungen&nbsp;und Werke in&nbsp;Aquacryl&nbsp;<\/p>\n\n\n\n<p><strong>Vernissage&nbsp;Freitag, den 21. Februar 2025,&nbsp;18.00 Uhr&nbsp;<\/strong><\/p>\n\n\n\n<p><br>Willkommen \/ Frau Ursula Mueller, Frau Vera Volni&nbsp;<\/p>\n\n\n\n<p>Vorwort \/ Herr Dr. Dominik Gei\u00dfler<\/p>\n\n\n\n<p>Einf\u00fchrung \/ Frau Luisa Johannes<\/p>\n\n\n\n<p><br>W\u00e4hrend der Vernissage wird der&nbsp;K\u00fcnstler&nbsp;anwesend sein.<br>Die Ausstellung l\u00e4uft bis 19. April 2025&nbsp;\u00d6ffnungszeiten<\/p>\n\n\n\n<p>samstags von 10.00 &#8211; 15.00&nbsp;<br>Eintritt frei<\/p>\n\n\n\n<figure class=\"wp-block-image size-large\"><img loading=\"lazy\" decoding=\"async\" width=\"1024\" height=\"756\" src=\"https:\/\/atelier-salon.de\/wp-content\/uploads\/2025\/02\/Bildschirmfoto-2025-01-29-um-18.49.30-1024x756.jpg\" alt=\"\" class=\"wp-image-1005\" srcset=\"http:\/\/atelier-salon.de\/wp-content\/uploads\/2025\/02\/Bildschirmfoto-2025-01-29-um-18.49.30-1024x756.jpg 1024w, http:\/\/atelier-salon.de\/wp-content\/uploads\/2025\/02\/Bildschirmfoto-2025-01-29-um-18.49.30-300x222.jpg 300w, http:\/\/atelier-salon.de\/wp-content\/uploads\/2025\/02\/Bildschirmfoto-2025-01-29-um-18.49.30-768x567.jpg 768w, http:\/\/atelier-salon.de\/wp-content\/uploads\/2025\/02\/Bildschirmfoto-2025-01-29-um-18.49.30.jpg 1454w\" sizes=\"auto, (max-width: 1024px) 100vw, 1024px\" \/><\/figure>\n\n\n\n<p>&#8222;Dialog als Begegnung&#8220;<br>Das Dialogische Prinzip des Ich und Du<\/p>\n\n\n\n<p>Die diesmalige Veranstaltung des Philosophischen Caf\u00e9 befasst sich mit dem Konzept des j\u00fcdischen Philosophischen Martin Buber zum Dialogischen Prinzip des Ich und Du.<br>Zu diesem philosophischen wie psychologischen Thema konnte nun der Psychologe und Theologe Dr. Georg Kormann gewonnen werden, der lange Jahre als Hochschuldozent<br>t\u00e4tig gewesen ist.<\/p>\n\n\n\n<p>In Bubers philosophischem Hauptwerk Ich und Du beschreibt der Religions- und Dialog- Philosoph die psychologischen wie philosophischen Bedingungen, die vorliegen m\u00fcssen, damit eine zwischenmenschliche Begegnung entstehen kann. Buber begreift den Dialog<br>als ein anthropologisches Prinzip des Menschen, das den sozialen Austausch erst erm\u00f6glicht.<\/p>\n\n\n\n<p>Nach dem dialogphilosophischen Grundgedanken Bubers wird in der \u201eIch-Du-Beziehung\u201d der andere Mensch erst dadurch als solcher angenommen, indem ich ihn dort best\u00e4tige, wo er nicht so ist wie ich. Hierbei spielt das \u201eInnewerden\u201d eine entscheidende Rolle.<br>Damit ist der Anspruch gemeint, den Menschen als Dialogpartner in seiner gesamten Individualit\u00e4t zu erfassen, also auch in \u00c4u\u00dferung, Gestik und Verhalten. Der Mensch m\u00fcsse nach Buber also in seiner unvergleichlichen Einzigartigkeit verstanden, kennengelernt und<br>auch so akzeptiert werden. Nur in Beziehung zu einem &#8222;Du&#8220; k\u00f6nne sich schlie\u00dflich unser &#8222;Ich&#8220; entwickeln. Hierin sieht Buber die zentralen \u201eElemente des Zwischenmenschlichen\u201c.<\/p>\n\n\n\n<p>Wenn ich also das Zusammentreffen mit einem Menschen als Begegnung erfahren will, muss ich seine Perspektive vollumfassend einnnehmen und seinen Willen wie sein Handeln im Tiefsten empathisch nachvollziehen. Diese Form der interaktiven Kommunikation<br>beschreibt Buber mit dem Begriff \u201eUmfassungsakt\u201c.<\/p>\n\n\n\n<p>Hierbei ben\u00f6tigt man &#8222;Realphantasie&#8220;, um sich schlie\u00dflich das Wesenhafte des Anderen zu vergegenw\u00e4rtigen.<br>Man nimmt also nicht mehr nur sich selbst wahr, sondern auch und insbesondere den Anderen, wenn man die Gegenseite, das \u201eDu\u201d, erf\u00e4hrt .<\/p>\n\n\n\n<p>Sonntag, 26. Januar. 2025, 11.00 Uhr<br>Eintritt 7.00 \u20ac<\/p>\n\n\n\n<p><\/p>\n\n\n\n<figure class=\"wp-block-image size-large is-resized\"><img loading=\"lazy\" decoding=\"async\" width=\"1024\" height=\"721\" src=\"https:\/\/atelier-salon.de\/wp-content\/uploads\/2025\/01\/Bildschirmfoto-2025-01-18-um-11.22.02-1024x721.png\" alt=\"\" class=\"wp-image-999\" style=\"width:626px;height:440px\" srcset=\"http:\/\/atelier-salon.de\/wp-content\/uploads\/2025\/01\/Bildschirmfoto-2025-01-18-um-11.22.02-1024x721.png 1024w, http:\/\/atelier-salon.de\/wp-content\/uploads\/2025\/01\/Bildschirmfoto-2025-01-18-um-11.22.02-300x211.png 300w, http:\/\/atelier-salon.de\/wp-content\/uploads\/2025\/01\/Bildschirmfoto-2025-01-18-um-11.22.02-768x541.png 768w, http:\/\/atelier-salon.de\/wp-content\/uploads\/2025\/01\/Bildschirmfoto-2025-01-18-um-11.22.02-1536x1081.png 1536w, http:\/\/atelier-salon.de\/wp-content\/uploads\/2025\/01\/Bildschirmfoto-2025-01-18-um-11.22.02.png 1958w\" sizes=\"auto, (max-width: 1024px) 100vw, 1024px\" \/><\/figure>\n\n\n\n<p><\/p>\n\n\n\n<p>&#8222;Die Harmonie, die sich unter den Wahrheiten befindet,<br>ist wie die \u00dcbereinstimmung in einem Gem\u00e4lde.\u201c<br>Immanuel Kant, 1724-1804<\/p>\n\n\n\n<p>Kunst und Kultur in Kant<br>eine Reflexion \u00fcber Kunst<\/p>\n\n\n\n<p>ganz im Sinne des obigen Zitates von Immanuel Kant lassen wir sein 300 j\u00e4hriges Jubil\u00e4um in Form einer<br>international &#8211; kollektiven Kunstausstellung ausklingen und laden dich \/ Sie ganz herzlich dazu ein<\/p>\n\n\n\n<p>Vernissage, Samstag, den 16. November, 11.00 Uhr<br>Wir beginnen mit einem kleinen Sektempfang.<br>W\u00e4hrend der Veranstaltung ist unser Cafe\u00b4 wie \u00fcblich ge\u00f6ffnet und kann durchgehend genutzt werden.<\/p>\n\n\n\n<p>Willkommen \/ Frau Ursula Mueller, Atelier-Salon<br>Vortrag \/ Herr Roberto da Silva, freier K\u00fcnstler \u2026 \u00fcber Kunst und Kultur in Kant (\u00dcbersetzung: Frau Heike Brand)<\/p>\n\n\n\n<p>Beteiligte K\u00fcnstlerinnen und K\u00fcnstler<br>Joao Arthur, Kurt Bomman, August Croissant, Roberto Da Silva, Dayse Feijo, Mohamed Ferraouni, Gilberto Freyre,<br>Tamara Hormann, Lucas Leonardo, Maria Morais, Massimo Pompeo, Jenni Schopp, Klaus Seger, Heinrich Strieffler und Susanne Wadle<\/p>\n\n\n\n<figure class=\"wp-block-image size-large is-resized\"><img loading=\"lazy\" decoding=\"async\" width=\"1024\" height=\"1024\" src=\"https:\/\/atelier-salon.de\/wp-content\/uploads\/2025\/01\/Bildschirmfoto-2025-01-18-um-11.13.44-1024x1024.png\" alt=\"\" class=\"wp-image-995\" style=\"width:554px;height:554px\" srcset=\"http:\/\/atelier-salon.de\/wp-content\/uploads\/2025\/01\/Bildschirmfoto-2025-01-18-um-11.13.44-1024x1024.png 1024w, http:\/\/atelier-salon.de\/wp-content\/uploads\/2025\/01\/Bildschirmfoto-2025-01-18-um-11.13.44-300x300.png 300w, http:\/\/atelier-salon.de\/wp-content\/uploads\/2025\/01\/Bildschirmfoto-2025-01-18-um-11.13.44-150x150.png 150w, http:\/\/atelier-salon.de\/wp-content\/uploads\/2025\/01\/Bildschirmfoto-2025-01-18-um-11.13.44-768x768.png 768w, http:\/\/atelier-salon.de\/wp-content\/uploads\/2025\/01\/Bildschirmfoto-2025-01-18-um-11.13.44.png 1068w\" sizes=\"auto, (max-width: 1024px) 100vw, 1024px\" \/><\/figure>\n\n\n\n<p><\/p>\n\n\n\n<p><\/p>\n\n\n\n<p>AUGMENTED ECOFEMINISMS: CLIMATE, WATER, WOMEN.<\/p>\n\n\n\n<p>Kunstausstellung und Vortrag<\/p>\n\n\n\n<p>Der Klimawandel gef\u00e4hrdet weltweit Fl\u00fcsse, Seen und Feuchtgebiete. Frauen sind von den Auswirkungen besonders stark betroffen. Oft werden sie jedoch in der Diskussion \u00fcber Klimawandel und Wasser vergessen. Um das Bewusstsein daf\u00fcr zu sch\u00e4rfen, haben Wissenschaftlerinnen und K\u00fcnstlerinnen der Kommission Gender &amp; Wissenschaft der Iberischen Vereinigung f\u00fcr Limnologie die Ausstellung #MUAC geschaffen. Sie l\u00e4dt dazu ein, \u00fcber die Verbindungen zwischen Klimawandel, S\u00fc\u00dfwasser\u00f6kosystemen und Feminismus nachzudenken.<\/p>\n\n\n\n<p>In Kooperation mit der IFG Umwelt und Studierenden des Studiengangs \u201eMensch und Umwelt\u201c der RPTU Landau und dem Atelier-Salon wird die Ausstellung in Landau gezeigt.&nbsp;<\/p>\n\n\n\n<p><strong>2. November 2024 um 11 Uhr: <\/strong>Vernissage, Einf\u00fchrung von Dr. Clara Mendoza-Lera, AG Umweltphysik, RPTU<\/p>\n\n\n\n<p><strong>9. November 2024 um 11 Uhr: <\/strong>Vortrag \u201eKunst und Umweltkommunikation\u201c von Dr. Berend Barkela, IFG-Umwelt\/Kommunikationspsychologie, RPTU<\/p>\n\n\n\n<p>Ort: Atelier Salon, Fortstra\u00dfe 10, Hinterhaus, 76829 Landau.<\/p>\n\n\n\n<p><\/p>\n\n\n\n<figure class=\"wp-block-image size-full is-resized\"><img loading=\"lazy\" decoding=\"async\" width=\"960\" height=\"960\" src=\"https:\/\/atelier-salon.de\/wp-content\/uploads\/2024\/10\/sharepic_muac1.jpeg\" alt=\"\" class=\"wp-image-989\" style=\"width:514px;height:514px\" srcset=\"http:\/\/atelier-salon.de\/wp-content\/uploads\/2024\/10\/sharepic_muac1.jpeg 960w, http:\/\/atelier-salon.de\/wp-content\/uploads\/2024\/10\/sharepic_muac1-300x300.jpeg 300w, http:\/\/atelier-salon.de\/wp-content\/uploads\/2024\/10\/sharepic_muac1-150x150.jpeg 150w, http:\/\/atelier-salon.de\/wp-content\/uploads\/2024\/10\/sharepic_muac1-768x768.jpeg 768w\" sizes=\"auto, (max-width: 960px) 100vw, 960px\" \/><\/figure>\n\n\n\n<p><strong>Philosophisches Caf\u00e9 <\/strong><\/p>\n\n\n\n<p>&#8220; <strong>Was ist Kultur, Teil 2<\/strong>&#8222;<\/p>\n\n\n\n<p>22. September 2024, 11.00 Uhr,<\/p>\n\n\n\n<p>Referentin_ Frau Dr. Prof. Annette Hilt<\/p>\n\n\n\n<p>Moderation_ Herr dipl. Psych. Wolfgang M\u00fcller<\/p>\n\n\n\n<figure class=\"wp-block-image size-large is-resized\"><img loading=\"lazy\" decoding=\"async\" width=\"1024\" height=\"1024\" src=\"http:\/\/atelier-salon.de\/wp-content\/uploads\/2024\/09\/Cafe\u0301-Philosophie-Kopie-1024x1024.jpg\" alt=\"\" class=\"wp-image-982\" style=\"width:541px;height:541px\" srcset=\"http:\/\/atelier-salon.de\/wp-content\/uploads\/2024\/09\/Cafe\u0301-Philosophie-Kopie-1024x1024.jpg 1024w, http:\/\/atelier-salon.de\/wp-content\/uploads\/2024\/09\/Cafe\u0301-Philosophie-Kopie-300x300.jpg 300w, http:\/\/atelier-salon.de\/wp-content\/uploads\/2024\/09\/Cafe\u0301-Philosophie-Kopie-150x150.jpg 150w, http:\/\/atelier-salon.de\/wp-content\/uploads\/2024\/09\/Cafe\u0301-Philosophie-Kopie-768x768.jpg 768w, http:\/\/atelier-salon.de\/wp-content\/uploads\/2024\/09\/Cafe\u0301-Philosophie-Kopie-1536x1536.jpg 1536w, http:\/\/atelier-salon.de\/wp-content\/uploads\/2024\/09\/Cafe\u0301-Philosophie-Kopie-2048x2048.jpg 2048w\" sizes=\"auto, (max-width: 1024px) 100vw, 1024px\" \/><\/figure>\n\n\n\n<h2 class=\"wp-block-heading\"><strong>KUNST NACH(T) LANDAU<\/strong> <strong>2024<\/strong><\/h2>\n\n\n\n<p><strong>Tanz \/ Bewegung \/ Begnung<\/strong><\/p>\n\n\n\n<p>Freitag, den 06. September 2024, ab 19.00<\/p>\n\n\n\n<p><\/p>\n\n\n\n<p><strong>Zeitgen\u00f6ssische Kunst<\/strong><\/p>\n\n\n\n<p>Diana Ecker, Dorothee Fricke, Elisabeth Bilz, Tina van den Bongardt, Martina Chalupsky, Anja Brandenstein, Frigga Pfirrmann und Vera Volni.<\/p>\n\n\n\n<p><strong>Tanz <\/strong><\/p>\n\n\n\n<p>Ballett trifft Hiphop &#8222;Ramonda&#8220; (eine Kooperation mit Tanz- und Ballettschule Tabea Grimm)<\/p>\n\n\n\n<p>mit Kamila Szablinski (Leitung), Alexandra Hettmann, Katarina Stanic\u00b4, Melissa Rosenbauer, Kaja Frank, Mara Banspach und Natalia Buse.<br><\/p>\n\n\n\n<p><\/p>\n\n\n\n<figure class=\"wp-block-image size-full is-resized\"><img loading=\"lazy\" decoding=\"async\" width=\"540\" height=\"540\" src=\"https:\/\/atelier-salon.de\/wp-content\/uploads\/2024\/09\/Plakat.jpg\" alt=\"\" class=\"wp-image-975\" style=\"width:629px;height:629px\" srcset=\"http:\/\/atelier-salon.de\/wp-content\/uploads\/2024\/09\/Plakat.jpg 540w, http:\/\/atelier-salon.de\/wp-content\/uploads\/2024\/09\/Plakat-300x300.jpg 300w, http:\/\/atelier-salon.de\/wp-content\/uploads\/2024\/09\/Plakat-150x150.jpg 150w\" sizes=\"auto, (max-width: 540px) 100vw, 540px\" \/><\/figure>\n\n\n\n<h2 class=\"wp-block-heading\"><strong>Philosophisches Caf\u00e9 <\/strong><\/h2>\n\n\n\n<p>&#8220; <strong>Was ist Kultur, Teil 1<\/strong>&#8222;<\/p>\n\n\n\n<p>13. Juli 2024, 11.00 Uhr,<\/p>\n\n\n\n<p>Referentin_ Frau Dr. Prof. Annette Hilt<\/p>\n\n\n\n<p>Moderation_ Herr dipl. Psych. Wolfgang M\u00fcller<\/p>\n\n\n\n<figure class=\"wp-block-image size-large\"><img loading=\"lazy\" decoding=\"async\" width=\"1024\" height=\"644\" src=\"https:\/\/atelier-salon.de\/wp-content\/uploads\/2024\/09\/Bildschirmfoto-2024-09-16-um-18.07.32-1024x644.jpeg\" alt=\"\" class=\"wp-image-983\" srcset=\"http:\/\/atelier-salon.de\/wp-content\/uploads\/2024\/09\/Bildschirmfoto-2024-09-16-um-18.07.32-1024x644.jpeg 1024w, http:\/\/atelier-salon.de\/wp-content\/uploads\/2024\/09\/Bildschirmfoto-2024-09-16-um-18.07.32-300x189.jpeg 300w, http:\/\/atelier-salon.de\/wp-content\/uploads\/2024\/09\/Bildschirmfoto-2024-09-16-um-18.07.32-768x483.jpeg 768w, http:\/\/atelier-salon.de\/wp-content\/uploads\/2024\/09\/Bildschirmfoto-2024-09-16-um-18.07.32-1536x965.jpeg 1536w, http:\/\/atelier-salon.de\/wp-content\/uploads\/2024\/09\/Bildschirmfoto-2024-09-16-um-18.07.32.jpeg 1960w\" sizes=\"auto, (max-width: 1024px) 100vw, 1024px\" \/><\/figure>\n\n\n\n<p><\/p>\n\n\n\n<p><\/p>\n\n\n\n<h2 class=\"wp-block-heading\"><strong>\u201eK\u00fcnstler*Innenreisen&#8220;<\/strong><\/h2>\n\n\n\n<p>inspiriert durch eine&nbsp;Mittelmeer- und Orientreise&nbsp;des August Croissant, 1894\/95&nbsp;<\/p>\n\n\n\n<p>Vernissage, Samstag 22. Juni 2024, 11.00 Uhr mit Sektempfang, Live Musik und besondere Leckereien aus dem Mittelmeerraum.<\/p>\n\n\n\n<p>Herr Frank Kr\u00e4mer referiert u.s. \u00fcber den &#8222;Orientalismus in Kunst und Kultur&#8220;<\/p>\n\n\n\n<p>Werke von August und Hermann Croissant, Otfried Culmann, Larissa Kastor, Annelie Herzog, Ursula S. Mueller und Frank Kr\u00e4mer.<\/p>\n\n\n\n<p><\/p>\n\n\n\n<figure class=\"wp-block-image size-large\"><img loading=\"lazy\" decoding=\"async\" width=\"1024\" height=\"768\" src=\"https:\/\/atelier-salon.de\/wp-content\/uploads\/2024\/06\/IMG_9803-1024x768.jpg\" alt=\"\" class=\"wp-image-971\" srcset=\"http:\/\/atelier-salon.de\/wp-content\/uploads\/2024\/06\/IMG_9803-1024x768.jpg 1024w, http:\/\/atelier-salon.de\/wp-content\/uploads\/2024\/06\/IMG_9803-300x225.jpg 300w, http:\/\/atelier-salon.de\/wp-content\/uploads\/2024\/06\/IMG_9803-768x576.jpg 768w, http:\/\/atelier-salon.de\/wp-content\/uploads\/2024\/06\/IMG_9803-1536x1152.jpg 1536w, http:\/\/atelier-salon.de\/wp-content\/uploads\/2024\/06\/IMG_9803-2048x1536.jpg 2048w\" sizes=\"auto, (max-width: 1024px) 100vw, 1024px\" \/><\/figure>\n\n\n\n<p><\/p>\n\n\n\n<p><\/p>\n\n\n\n<h2 class=\"wp-block-heading\"><strong>Fete\u00b4de la Musique<\/strong><\/h2>\n\n\n\n<p>21. Juni 2024, 11.00 &#8211; 23.00<\/p>\n\n\n\n<p>Blue Coffee und Good Vibes 4 You spielen live &#8230; chillen mit Cocktails im Innenhof<\/p>\n\n\n\n<p><\/p>\n\n\n\n<figure class=\"wp-block-image size-full is-resized\"><img loading=\"lazy\" decoding=\"async\" width=\"816\" height=\"824\" src=\"https:\/\/atelier-salon.de\/wp-content\/uploads\/2024\/06\/PNG-Bild.png\" alt=\"\" class=\"wp-image-967\" style=\"width:617px;height:623px\" srcset=\"http:\/\/atelier-salon.de\/wp-content\/uploads\/2024\/06\/PNG-Bild.png 816w, http:\/\/atelier-salon.de\/wp-content\/uploads\/2024\/06\/PNG-Bild-297x300.png 297w, http:\/\/atelier-salon.de\/wp-content\/uploads\/2024\/06\/PNG-Bild-150x150.png 150w, http:\/\/atelier-salon.de\/wp-content\/uploads\/2024\/06\/PNG-Bild-768x776.png 768w\" sizes=\"auto, (max-width: 816px) 100vw, 816px\" \/><\/figure>\n\n\n\n<h2 class=\"wp-block-heading\"><strong>Philosophisches Caf\u00e9 <\/strong><\/h2>\n\n\n\n<p>&#8220; <strong>300 Jahre Immanuel Kant<\/strong> &#8222;<\/p>\n\n\n\n<p>28. April 2024, 11.00 Uhr,<\/p>\n\n\n\n<p>Referenten_ <strong>Herr<\/strong> <strong>Dr.&nbsp;Nikola Mirkovi\u0107<\/strong> und <strong>Herr Roberto da Silva<\/strong><\/p>\n\n\n\n<p><\/p>\n\n\n\n<p><\/p>\n\n\n\n<figure class=\"wp-block-image size-large is-resized\"><img loading=\"lazy\" decoding=\"async\" width=\"984\" height=\"1024\" src=\"https:\/\/atelier-salon.de\/wp-content\/uploads\/2024\/04\/IMG_0857-Kopie-1-984x1024.jpg\" alt=\"\" class=\"wp-image-956\" style=\"width:546px;height:568px\" srcset=\"http:\/\/atelier-salon.de\/wp-content\/uploads\/2024\/04\/IMG_0857-Kopie-1-984x1024.jpg 984w, http:\/\/atelier-salon.de\/wp-content\/uploads\/2024\/04\/IMG_0857-Kopie-1-288x300.jpg 288w, http:\/\/atelier-salon.de\/wp-content\/uploads\/2024\/04\/IMG_0857-Kopie-1-768x799.jpg 768w, http:\/\/atelier-salon.de\/wp-content\/uploads\/2024\/04\/IMG_0857-Kopie-1-1476x1536.jpg 1476w, http:\/\/atelier-salon.de\/wp-content\/uploads\/2024\/04\/IMG_0857-Kopie-1-1968x2048.jpg 1968w\" sizes=\"auto, (max-width: 984px) 100vw, 984px\" \/><\/figure>\n\n\n\n<h1 class=\"wp-block-heading\"><strong>&#8222;Theodor Sch\u00fcbel&#8220;<\/strong>, ein K\u00fcnstlerportrait<\/h1>\n\n\n\n<p><\/p>\n\n\n\n<p><strong> 24. November 2023, 18.00 Uhr<\/strong><\/p>\n\n\n\n<p><strong>Erz\u00e4hlungen \/<\/strong> Im Gespr\u00e4ch mit Tochter Eva Sch\u00fcbel<\/p>\n\n\n\n<p><strong>Theater-Lesung aus dem St\u00fcck &#8222;Karneval&#8220;<\/strong> mit Laura Kaiser und Markus Mohr<\/p>\n\n\n\n<p><strong>25. November 2023, 14.30 Uhr<\/strong><\/p>\n\n\n\n<p><strong>Filmvorf\u00fchrung \/ Martin Luther 1983<\/strong>,  Regie: Rainer Wolffhardt, Mit Lambert Hamel, Ernst Fritz F\u00fcrbringer u.a.<\/p>\n\n\n\n<p><strong>02. Dezember 2023<\/strong>, <strong>10.30 und 13.00 Uhr<\/strong> <\/p>\n\n\n\n<p><strong>Lesung<\/strong> mit Tochter Eva Sch\u00fcbel<\/p>\n\n\n\n<p><strong>&#8222;Vom Ufer der Saale&#8220;, Geschichten aus der Zwischenzeit<\/strong><\/p>\n\n\n\n<div class=\"wp-block-media-text alignwide is-stacked-on-mobile\"><figure class=\"wp-block-media-text__media\"><img loading=\"lazy\" decoding=\"async\" width=\"1024\" height=\"1018\" src=\"https:\/\/atelier-salon.de\/wp-content\/uploads\/2023\/11\/Bildschirmfoto-2023-11-23-um-15.59.04-1024x1018.png\" alt=\"\" class=\"wp-image-917 size-full\" srcset=\"http:\/\/atelier-salon.de\/wp-content\/uploads\/2023\/11\/Bildschirmfoto-2023-11-23-um-15.59.04-1024x1018.png 1024w, http:\/\/atelier-salon.de\/wp-content\/uploads\/2023\/11\/Bildschirmfoto-2023-11-23-um-15.59.04-300x298.png 300w, http:\/\/atelier-salon.de\/wp-content\/uploads\/2023\/11\/Bildschirmfoto-2023-11-23-um-15.59.04-150x150.png 150w, http:\/\/atelier-salon.de\/wp-content\/uploads\/2023\/11\/Bildschirmfoto-2023-11-23-um-15.59.04-768x764.png 768w, http:\/\/atelier-salon.de\/wp-content\/uploads\/2023\/11\/Bildschirmfoto-2023-11-23-um-15.59.04.png 1458w\" sizes=\"auto, (max-width: 1024px) 100vw, 1024px\" \/><\/figure><div class=\"wp-block-media-text__content\">\n<p class=\"has-large-font-size\"><\/p>\n<\/div><\/div>\n\n\n\n<p><\/p>\n\n\n\n<h1 class=\"wp-block-heading\"><strong>Kulturnacht Landau 2023<\/strong><\/h1>\n\n\n\n<p><strong>29. September 2023, 18.00 Uhr &#8211; 23.00 Uhr<\/strong><\/p>\n\n\n\n<p><strong>zeitgen\u00f6ssische Kunst, Live Musik und Tanz<\/strong>.<\/p>\n\n\n\n<figure class=\"wp-block-image size-large is-resized\"><img loading=\"lazy\" decoding=\"async\" width=\"1024\" height=\"512\" src=\"http:\/\/atelier-salon.de\/wp-content\/uploads\/2023\/09\/8d7177eb-d70e-452d-851e-b55944b6e621-1024x512.jpg\" alt=\"\" class=\"wp-image-905\" style=\"width:637px;height:319px\" srcset=\"http:\/\/atelier-salon.de\/wp-content\/uploads\/2023\/09\/8d7177eb-d70e-452d-851e-b55944b6e621-1024x512.jpg 1024w, http:\/\/atelier-salon.de\/wp-content\/uploads\/2023\/09\/8d7177eb-d70e-452d-851e-b55944b6e621-300x150.jpg 300w, http:\/\/atelier-salon.de\/wp-content\/uploads\/2023\/09\/8d7177eb-d70e-452d-851e-b55944b6e621-768x384.jpg 768w, http:\/\/atelier-salon.de\/wp-content\/uploads\/2023\/09\/8d7177eb-d70e-452d-851e-b55944b6e621.jpg 1152w\" sizes=\"auto, (max-width: 1024px) 100vw, 1024px\" \/><\/figure>\n\n\n\n<h1 class=\"wp-block-heading\"><strong>&#8222;Herbert Lorenz&#8220;<\/strong>, ein K\u00fcnstlerportrait <\/h1>\n\n\n\n<p>Vernissage_ 28. Juli 2023 \/ Finissage_ 22. September 2023<\/p>\n\n\n\n<h5 class=\"wp-block-heading\">jeden <strong>Samstag zwischen 10.00 und 15.00 <strong>Uhr<\/strong> ge\u00f6ffnet  <\/strong><\/h5>\n\n\n\n<figure class=\"wp-block-image size-large is-resized\"><img loading=\"lazy\" decoding=\"async\" width=\"1024\" height=\"577\" src=\"http:\/\/atelier-salon.de\/wp-content\/uploads\/2023\/08\/Ku\u0308nstlerportrait--1024x577.jpg\" alt=\"\" class=\"wp-image-868\" style=\"width:564px;height:318px\" srcset=\"http:\/\/atelier-salon.de\/wp-content\/uploads\/2023\/08\/Ku\u0308nstlerportrait--1024x577.jpg 1024w, http:\/\/atelier-salon.de\/wp-content\/uploads\/2023\/08\/Ku\u0308nstlerportrait--300x169.jpg 300w, http:\/\/atelier-salon.de\/wp-content\/uploads\/2023\/08\/Ku\u0308nstlerportrait--768x433.jpg 768w, http:\/\/atelier-salon.de\/wp-content\/uploads\/2023\/08\/Ku\u0308nstlerportrait--1536x865.jpg 1536w, http:\/\/atelier-salon.de\/wp-content\/uploads\/2023\/08\/Ku\u0308nstlerportrait-.jpg 1640w\" sizes=\"auto, (max-width: 1024px) 100vw, 1024px\" \/><\/figure>\n\n\n\n<h1 class=\"wp-block-heading\"><strong>&#8222;Yahi Nestor Gahe&#8220;<\/strong><\/h1>\n\n\n\n<p>Tanz \/ Performance<\/p>\n\n\n\n<p><strong>Samstag, den 17. Juni 2023, 20.00 Uhr , Einlass 19.00 Uhr, Eintritt 12 \u20ac, erm\u00e4\u00dfigt 10  \u20ac<\/strong><\/p>\n\n\n\n<p>Reservierungen empfohlen: unter 01520 \u2013 2332288 oder email kontakt@atelier-salon.de<\/p>\n\n\n\n<figure class=\"wp-block-image size-large is-resized\"><img loading=\"lazy\" decoding=\"async\" width=\"1024\" height=\"577\" src=\"http:\/\/atelier-salon.de\/wp-content\/uploads\/2023\/05\/Nestor-quer-1024x577.jpg\" alt=\"\" class=\"wp-image-856\" style=\"width:907px;height:511px\" srcset=\"http:\/\/atelier-salon.de\/wp-content\/uploads\/2023\/05\/Nestor-quer-1024x577.jpg 1024w, http:\/\/atelier-salon.de\/wp-content\/uploads\/2023\/05\/Nestor-quer-300x169.jpg 300w, http:\/\/atelier-salon.de\/wp-content\/uploads\/2023\/05\/Nestor-quer-768x433.jpg 768w, http:\/\/atelier-salon.de\/wp-content\/uploads\/2023\/05\/Nestor-quer-1536x865.jpg 1536w, http:\/\/atelier-salon.de\/wp-content\/uploads\/2023\/05\/Nestor-quer.jpg 1640w\" sizes=\"auto, (max-width: 1024px) 100vw, 1024px\" \/><\/figure>\n\n\n\n<p><\/p>\n\n\n\n<h1 class=\"wp-block-heading\">&#8222;<strong>Hugo Cabret<\/strong>&#8222;,<\/h1>\n\n\n\n<h4 class=\"wp-block-heading\"><strong><em>Kino im Archiv-Croissant \/ Im Rahmen von Landau liest ein Buch<\/em><\/strong><\/h4>\n\n\n\n<p><strong>Samstag, den 10. Juni 2023, 20.00 Uhr , Einlass 19.00 Uhr<\/strong>, Eintritt 9 \u20ac<\/p>\n\n\n\n<p>Reservierungen empfohlen unter 01520 &#8211; 2332288 oder email kontakt@atelier-salon.de<\/p>\n\n\n\n<figure class=\"wp-block-image size-large is-resized\"><img loading=\"lazy\" decoding=\"async\" width=\"1024\" height=\"724\" src=\"http:\/\/atelier-salon.de\/wp-content\/uploads\/2023\/05\/Hugo-Cabret-A4-quer-1024x724.jpg\" alt=\"\" class=\"wp-image-841\" style=\"width:710px;height:501px\" srcset=\"http:\/\/atelier-salon.de\/wp-content\/uploads\/2023\/05\/Hugo-Cabret-A4-quer-1024x724.jpg 1024w, http:\/\/atelier-salon.de\/wp-content\/uploads\/2023\/05\/Hugo-Cabret-A4-quer-300x212.jpg 300w, http:\/\/atelier-salon.de\/wp-content\/uploads\/2023\/05\/Hugo-Cabret-A4-quer-768x543.jpg 768w, http:\/\/atelier-salon.de\/wp-content\/uploads\/2023\/05\/Hugo-Cabret-A4-quer-1536x1086.jpg 1536w, http:\/\/atelier-salon.de\/wp-content\/uploads\/2023\/05\/Hugo-Cabret-A4-quer-2048x1448.jpg 2048w\" sizes=\"auto, (max-width: 1024px) 100vw, 1024px\" \/><figcaption class=\"wp-element-caption\">Hugo Cabret<br>Ein Film von Martin Scorsese &#8211; Abenteuer, Familienfilm, Fantasy (USA 2011, 126 Min.)<br>Hugo Cabret, seines Zeichens Waisenjunge, Dieb und W\u00e4chter der Uhren, lebt verborgen in den Gem\u00e4uern des Pariser Bahnhofs. Niemand weiss von ihm, dem Jungen, der alles im Blick beh\u00e4lt und sich doch allen Blicken entzieht. Bis ein k\u00fchnes M\u00e4dchen und ihr b\u00e4rbeissiger Grossvater auf ihn aufmerksam werden. Schlagartig ist in Gefahr, was Hugo so sorgsam h\u00fctet seine geheime Existenz &#8211; und damit die r\u00e4tselhafte Zeichnung, das liebevoll aufbewahrte Notizbuch und der mechanische Mann. Jene Dinge, die den Weg zu seinem wohl geh\u00fcteten faszinieren Geheimnis weisen.<\/figcaption><\/figure>\n\n\n\n<p><\/p>\n\n\n\n<p><\/p>\n\n\n\n<h1 class=\"wp-block-heading\"><strong>&#8222;Herzfaden&#8220; <\/strong><\/h1>\n\n\n\n<p>Eine Vorstellung von Kunst<\/p>\n\n\n\n<p><strong>Vernissage, Samstag, den 10. Juni 2023, 11.00 Uhr <\/strong><\/p>\n\n\n\n<figure class=\"wp-block-image size-large is-resized\"><img loading=\"lazy\" decoding=\"async\" width=\"1024\" height=\"722\" src=\"http:\/\/atelier-salon.de\/wp-content\/uploads\/2023\/05\/686d9402-eb02-46a1-9b0f-2a21794e05bd-Kopie-1024x722.jpeg\" alt=\"\" class=\"wp-image-851\" style=\"width:722px;height:509px\" srcset=\"http:\/\/atelier-salon.de\/wp-content\/uploads\/2023\/05\/686d9402-eb02-46a1-9b0f-2a21794e05bd-Kopie-1024x722.jpeg 1024w, http:\/\/atelier-salon.de\/wp-content\/uploads\/2023\/05\/686d9402-eb02-46a1-9b0f-2a21794e05bd-Kopie-300x212.jpeg 300w, http:\/\/atelier-salon.de\/wp-content\/uploads\/2023\/05\/686d9402-eb02-46a1-9b0f-2a21794e05bd-Kopie-768x542.jpeg 768w, http:\/\/atelier-salon.de\/wp-content\/uploads\/2023\/05\/686d9402-eb02-46a1-9b0f-2a21794e05bd-Kopie.jpeg 1418w\" sizes=\"auto, (max-width: 1024px) 100vw, 1024px\" \/><figcaption class=\"wp-element-caption\">.<\/figcaption><\/figure>\n\n\n\n<p>Treten Sie ein in eine Welt voller Phantasie, Magie, Mystik, Spiel und Illusion. Anlehnend an das Buch \u201eHerzfaden\u201c von Thomas Hettche, haben mehrere K\u00fcnstler:Innen aus der Region unterschiedlichste Werke zum Thema geschaffen und\/oder aus Ihrem Fundus ausgew\u00e4hlt.<\/p>\n\n\n\n<p>Er\u00f6ffnet wird die Ausstellung am Samstag, den 10. Juni 2023 um 11.00 Uhr mit Sektempfang, Kaffee und hausgemachten Kuchen. Der\/die ein oder andere K\u00fcnstler:In wird anwesend sein und Gelegenheit zum Austausch bieten.<\/p>\n\n\n\n<p>Alle Werke sind verk\u00e4uflich \/ Werkverzeichnisses liegen aus \/ sprechen Sie uns bitte bei Interesse einfach direkt an.<\/p>\n\n\n\n<p><\/p>\n\n\n\n<p><\/p>\n\n\n\n<p><\/p>\n\n\n\n<p><\/p>\n\n\n\n<p><strong>Freitag, den 12. Mai 2023, 20.00 Uhr , Einlass 19.00 Uhr<\/strong>.<\/p>\n\n\n\n<p>Reservierungen unter 01520 &#8211; 2332288 oder email kontakt@atelier-salon.de<\/p>\n\n\n\n<p><\/p>\n\n\n\n<figure class=\"wp-block-image size-large is-resized\"><img loading=\"lazy\" decoding=\"async\" width=\"1024\" height=\"577\" src=\"http:\/\/atelier-salon.de\/wp-content\/uploads\/2023\/05\/c60a62e57c31f43c9b37cdcb3421706cee3ed88fe9d3095de13f653df25f94b4-1024x577.jpg\" alt=\"\" class=\"wp-image-825\" style=\"width:701px;height:395px\" srcset=\"http:\/\/atelier-salon.de\/wp-content\/uploads\/2023\/05\/c60a62e57c31f43c9b37cdcb3421706cee3ed88fe9d3095de13f653df25f94b4-1024x577.jpg 1024w, http:\/\/atelier-salon.de\/wp-content\/uploads\/2023\/05\/c60a62e57c31f43c9b37cdcb3421706cee3ed88fe9d3095de13f653df25f94b4-300x169.jpg 300w, http:\/\/atelier-salon.de\/wp-content\/uploads\/2023\/05\/c60a62e57c31f43c9b37cdcb3421706cee3ed88fe9d3095de13f653df25f94b4-768x433.jpg 768w, http:\/\/atelier-salon.de\/wp-content\/uploads\/2023\/05\/c60a62e57c31f43c9b37cdcb3421706cee3ed88fe9d3095de13f653df25f94b4-1536x865.jpg 1536w, http:\/\/atelier-salon.de\/wp-content\/uploads\/2023\/05\/c60a62e57c31f43c9b37cdcb3421706cee3ed88fe9d3095de13f653df25f94b4.jpg 1640w\" sizes=\"auto, (max-width: 1024px) 100vw, 1024px\" \/><\/figure>\n\n\n<h1>&nbsp;<\/h1>\n<p><strong>Freitag, den 10. M\u00e4rz 2023, 20.00 Uhr , Einlass 19.00<\/strong><\/p>\n<p>Wir zeigen &#8222;die feine Gesellschaft&#8220; von Bruno Dumont.<\/p>\n<p><img loading=\"lazy\" decoding=\"async\" class=\"alignnone  wp-image-813\" src=\"http:\/\/atelier-salon.de\/wp-content\/uploads\/2023\/02\/WhatsApp-Image-2023-02-24-at-22.45.58-300x300.jpeg\" alt=\"\" width=\"403\" height=\"403\" srcset=\"http:\/\/atelier-salon.de\/wp-content\/uploads\/2023\/02\/WhatsApp-Image-2023-02-24-at-22.45.58-300x300.jpeg 300w, http:\/\/atelier-salon.de\/wp-content\/uploads\/2023\/02\/WhatsApp-Image-2023-02-24-at-22.45.58-150x150.jpeg 150w, http:\/\/atelier-salon.de\/wp-content\/uploads\/2023\/02\/WhatsApp-Image-2023-02-24-at-22.45.58-768x768.jpeg 768w, http:\/\/atelier-salon.de\/wp-content\/uploads\/2023\/02\/WhatsApp-Image-2023-02-24-at-22.45.58.jpeg 1024w\" sizes=\"auto, (max-width: 403px) 100vw, 403px\" \/> <img loading=\"lazy\" decoding=\"async\" class=\"alignnone  wp-image-814\" src=\"http:\/\/atelier-salon.de\/wp-content\/uploads\/2023\/02\/WhatsApp-Image-2023-02-24-at-22.45.49-300x300.jpeg\" alt=\"\" width=\"402\" height=\"402\" srcset=\"http:\/\/atelier-salon.de\/wp-content\/uploads\/2023\/02\/WhatsApp-Image-2023-02-24-at-22.45.49-300x300.jpeg 300w, http:\/\/atelier-salon.de\/wp-content\/uploads\/2023\/02\/WhatsApp-Image-2023-02-24-at-22.45.49-150x150.jpeg 150w, http:\/\/atelier-salon.de\/wp-content\/uploads\/2023\/02\/WhatsApp-Image-2023-02-24-at-22.45.49-768x768.jpeg 768w, http:\/\/atelier-salon.de\/wp-content\/uploads\/2023\/02\/WhatsApp-Image-2023-02-24-at-22.45.49.jpeg 1024w\" sizes=\"auto, (max-width: 402px) 100vw, 402px\" \/><\/p>\n<p><strong>Samstag, den 17. Dezember 2022, ab 11.00 <\/strong><\/p>\n<p>Lesung, Wolfgang Diehl<\/p>\n<p><strong>Samstag, den 10. Dezember 2022, ab 11.00 <\/strong><\/p>\n<p>Offene Lesung, Chris Jacobsen, D\u00fcsseldorf.<\/p>\n<figure class=\"wp-block-image size-large is-resized\"><img loading=\"lazy\" decoding=\"async\" class=\"wp-image-767\" src=\"https:\/\/atelier-salon.de\/wp-content\/uploads\/2022\/10\/Bildschirmfoto-2022-10-24-um-20.54.09-1024x582.png\" sizes=\"auto, (max-width: 280px) 100vw, 280px\" srcset=\"http:\/\/atelier-salon.de\/wp-content\/uploads\/2022\/10\/Bildschirmfoto-2022-10-24-um-20.54.09-1024x582.png 1024w, http:\/\/atelier-salon.de\/wp-content\/uploads\/2022\/10\/Bildschirmfoto-2022-10-24-um-20.54.09-300x170.png 300w, http:\/\/atelier-salon.de\/wp-content\/uploads\/2022\/10\/Bildschirmfoto-2022-10-24-um-20.54.09-768x436.png 768w, http:\/\/atelier-salon.de\/wp-content\/uploads\/2022\/10\/Bildschirmfoto-2022-10-24-um-20.54.09.png 1060w\" alt=\"\" width=\"280\" height=\"159\"><\/figure>\n<p><strong>Samstag, den 03. Dezember 2022, ab 11.00 <\/strong><\/p>\n<p>Offene Lesung, Chris Jacobsen, D\u00fcsseldorf<\/p>\n<figure class=\"wp-block-image size-large is-resized\"><img loading=\"lazy\" decoding=\"async\" class=\"wp-image-765\" src=\"https:\/\/atelier-salon.de\/wp-content\/uploads\/2022\/10\/Bildschirmfoto-2022-10-24-um-20.54.27-1024x581.png\" sizes=\"auto, (max-width: 281px) 100vw, 281px\" srcset=\"http:\/\/atelier-salon.de\/wp-content\/uploads\/2022\/10\/Bildschirmfoto-2022-10-24-um-20.54.27-1024x581.png 1024w, http:\/\/atelier-salon.de\/wp-content\/uploads\/2022\/10\/Bildschirmfoto-2022-10-24-um-20.54.27-300x170.png 300w, http:\/\/atelier-salon.de\/wp-content\/uploads\/2022\/10\/Bildschirmfoto-2022-10-24-um-20.54.27-768x436.png 768w, http:\/\/atelier-salon.de\/wp-content\/uploads\/2022\/10\/Bildschirmfoto-2022-10-24-um-20.54.27.png 1058w\" alt=\"\" width=\"281\" height=\"159\"><\/figure>\n<p><strong>Samstag, den 26. November 2022, ab 11.00 <\/strong><\/p>\n<p>Lesung, Wolfgang Diehl<\/p>\n<p><strong>Freitag, den 25. November 2022, 19.00 <\/strong><\/p>\n<p>Zu Gast im Archiv-Croissant_ K\u00fcnstler\/Innenportraits<\/p>\n<p><strong>Wolfgang Diehl, geb. 08.08.1940<\/strong><\/p>\n<p>Autor, Germanist, Kunsthistoriker, M\u00e4zen, Sammler, Schriftsteller, Grafiker, Verleger, Freier K\u00fcnstler<\/p>\n<p>Vernissage<\/p>\n<figure class=\"wp-block-image size-large is-resized\"><img loading=\"lazy\" decoding=\"async\" class=\"wp-image-759\" src=\"https:\/\/atelier-salon.de\/wp-content\/uploads\/2022\/10\/Bildschirmfoto-2022-10-24-um-20.45.44-1024x1017.png\" sizes=\"auto, (max-width: 378px) 100vw, 378px\" srcset=\"http:\/\/atelier-salon.de\/wp-content\/uploads\/2022\/10\/Bildschirmfoto-2022-10-24-um-20.45.44-1024x1017.png 1024w, http:\/\/atelier-salon.de\/wp-content\/uploads\/2022\/10\/Bildschirmfoto-2022-10-24-um-20.45.44-300x298.png 300w, http:\/\/atelier-salon.de\/wp-content\/uploads\/2022\/10\/Bildschirmfoto-2022-10-24-um-20.45.44-150x150.png 150w, http:\/\/atelier-salon.de\/wp-content\/uploads\/2022\/10\/Bildschirmfoto-2022-10-24-um-20.45.44-768x763.png 768w, http:\/\/atelier-salon.de\/wp-content\/uploads\/2022\/10\/Bildschirmfoto-2022-10-24-um-20.45.44.png 1530w\" alt=\"\" width=\"378\" height=\"375\"><\/figure>\n<p><strong>03. Juni 2022, 19.00 bis 24.00 Uhr, Fortstr. 10, Hinterhaus und Hof, 76829 LD<\/strong><\/p>\n<p>KunstNacht Landau<\/p>\n<p><img loading=\"lazy\" decoding=\"async\" class=\"alignnone  wp-image-752\" src=\"http:\/\/atelier-salon.de\/wp-content\/uploads\/2022\/05\/Bildschirmfoto-2022-05-28-um-23.32.05-212x300.png\" sizes=\"auto, (max-width: 300px) 100vw, 300px\" srcset=\"http:\/\/atelier-salon.de\/wp-content\/uploads\/2022\/05\/Bildschirmfoto-2022-05-28-um-23.32.05-212x300.png 212w, http:\/\/atelier-salon.de\/wp-content\/uploads\/2022\/05\/Bildschirmfoto-2022-05-28-um-23.32.05-722x1024.png 722w, http:\/\/atelier-salon.de\/wp-content\/uploads\/2022\/05\/Bildschirmfoto-2022-05-28-um-23.32.05-768x1089.png 768w, http:\/\/atelier-salon.de\/wp-content\/uploads\/2022\/05\/Bildschirmfoto-2022-05-28-um-23.32.05.png 952w\" alt=\"\" width=\"300\" height=\"425\">&nbsp; &nbsp;<img loading=\"lazy\" decoding=\"async\" class=\"alignnone  wp-image-751\" src=\"http:\/\/atelier-salon.de\/wp-content\/uploads\/2022\/05\/Bildschirmfoto-2022-05-28-um-23.31.40-150x300.png\" sizes=\"auto, (max-width: 173px) 100vw, 173px\" srcset=\"http:\/\/atelier-salon.de\/wp-content\/uploads\/2022\/05\/Bildschirmfoto-2022-05-28-um-23.31.40-150x300.png 150w, http:\/\/atelier-salon.de\/wp-content\/uploads\/2022\/05\/Bildschirmfoto-2022-05-28-um-23.31.40-512x1024.png 512w, http:\/\/atelier-salon.de\/wp-content\/uploads\/2022\/05\/Bildschirmfoto-2022-05-28-um-23.31.40.png 674w\" alt=\"\" width=\"173\" height=\"346\"><\/p>\n<h4><strong>11. und 12. Mai 2022<\/strong><\/h4>\n<p>Einweihung des Archiv-Croissant, eine digitale Sammlung mit Gem\u00e4lden von August, Hermann und Eugen Croissant. Mehr unter <a href=\"http:\/\/www.Archiv-Croissant.de\">www.Archiv-Croissant.de<\/a><\/p>\n<p><img loading=\"lazy\" decoding=\"async\" class=\"alignnone size-medium wp-image-738\" src=\"http:\/\/atelier-salon.de\/wp-content\/uploads\/2022\/05\/F5F64438-B262-4C97-AF97-B4A74FEB1A07_1_105_c-225x300.jpeg\" alt=\"\" width=\"225\" height=\"300\" srcset=\"http:\/\/atelier-salon.de\/wp-content\/uploads\/2022\/05\/F5F64438-B262-4C97-AF97-B4A74FEB1A07_1_105_c-225x300.jpeg 225w, http:\/\/atelier-salon.de\/wp-content\/uploads\/2022\/05\/F5F64438-B262-4C97-AF97-B4A74FEB1A07_1_105_c.jpeg 768w\" sizes=\"auto, (max-width: 225px) 100vw, 225px\" \/><img loading=\"lazy\" decoding=\"async\" class=\"alignnone size-medium wp-image-737\" src=\"http:\/\/atelier-salon.de\/wp-content\/uploads\/2022\/05\/D678FC63-A53E-4999-A07F-3392B0CA533D_1_105_c-300x225.jpeg\" alt=\"\" width=\"300\" height=\"225\" srcset=\"http:\/\/atelier-salon.de\/wp-content\/uploads\/2022\/05\/D678FC63-A53E-4999-A07F-3392B0CA533D_1_105_c-300x225.jpeg 300w, http:\/\/atelier-salon.de\/wp-content\/uploads\/2022\/05\/D678FC63-A53E-4999-A07F-3392B0CA533D_1_105_c-768x576.jpeg 768w, http:\/\/atelier-salon.de\/wp-content\/uploads\/2022\/05\/D678FC63-A53E-4999-A07F-3392B0CA533D_1_105_c.jpeg 1024w\" sizes=\"auto, (max-width: 300px) 100vw, 300px\" \/> <img loading=\"lazy\" decoding=\"async\" class=\"alignnone size-medium wp-image-736\" src=\"http:\/\/atelier-salon.de\/wp-content\/uploads\/2022\/05\/A06A24CF-67BA-4320-9F64-3895EC0A2FBA_1_105_c-300x168.jpeg\" alt=\"\" width=\"300\" height=\"168\" srcset=\"http:\/\/atelier-salon.de\/wp-content\/uploads\/2022\/05\/A06A24CF-67BA-4320-9F64-3895EC0A2FBA_1_105_c-300x168.jpeg 300w, http:\/\/atelier-salon.de\/wp-content\/uploads\/2022\/05\/A06A24CF-67BA-4320-9F64-3895EC0A2FBA_1_105_c-1024x575.jpeg 1024w, http:\/\/atelier-salon.de\/wp-content\/uploads\/2022\/05\/A06A24CF-67BA-4320-9F64-3895EC0A2FBA_1_105_c-768x431.jpeg 768w, http:\/\/atelier-salon.de\/wp-content\/uploads\/2022\/05\/A06A24CF-67BA-4320-9F64-3895EC0A2FBA_1_105_c.jpeg 1184w\" sizes=\"auto, (max-width: 300px) 100vw, 300px\" \/> &nbsp;<img loading=\"lazy\" decoding=\"async\" class=\"alignnone size-medium wp-image-734\" src=\"http:\/\/atelier-salon.de\/wp-content\/uploads\/2022\/05\/2892C8CC-506C-4281-96B1-B93B15C0E554_1_105_c-225x300.jpeg\" alt=\"\" width=\"225\" height=\"300\" srcset=\"http:\/\/atelier-salon.de\/wp-content\/uploads\/2022\/05\/2892C8CC-506C-4281-96B1-B93B15C0E554_1_105_c-225x300.jpeg 225w, http:\/\/atelier-salon.de\/wp-content\/uploads\/2022\/05\/2892C8CC-506C-4281-96B1-B93B15C0E554_1_105_c.jpeg 768w\" sizes=\"auto, (max-width: 225px) 100vw, 225px\" \/> <img loading=\"lazy\" decoding=\"async\" class=\"alignnone size-medium wp-image-733\" src=\"http:\/\/atelier-salon.de\/wp-content\/uploads\/2022\/05\/8F2DAE55-D646-40A6-864C-946D20C64199_1_105_c-225x300.jpeg\" alt=\"\" width=\"225\" height=\"300\" srcset=\"http:\/\/atelier-salon.de\/wp-content\/uploads\/2022\/05\/8F2DAE55-D646-40A6-864C-946D20C64199_1_105_c-225x300.jpeg 225w, http:\/\/atelier-salon.de\/wp-content\/uploads\/2022\/05\/8F2DAE55-D646-40A6-864C-946D20C64199_1_105_c.jpeg 768w\" sizes=\"auto, (max-width: 225px) 100vw, 225px\" \/> &nbsp;<img loading=\"lazy\" decoding=\"async\" class=\"alignnone size-medium wp-image-727\" src=\"http:\/\/atelier-salon.de\/wp-content\/uploads\/2022\/05\/2AB8DCBE-6AE5-4E27-9130-C0E7A0BDC51D_1_105_c-300x300.jpeg\" alt=\"\" width=\"300\" height=\"300\" srcset=\"http:\/\/atelier-salon.de\/wp-content\/uploads\/2022\/05\/2AB8DCBE-6AE5-4E27-9130-C0E7A0BDC51D_1_105_c-300x300.jpeg 300w, http:\/\/atelier-salon.de\/wp-content\/uploads\/2022\/05\/2AB8DCBE-6AE5-4E27-9130-C0E7A0BDC51D_1_105_c-150x150.jpeg 150w, http:\/\/atelier-salon.de\/wp-content\/uploads\/2022\/05\/2AB8DCBE-6AE5-4E27-9130-C0E7A0BDC51D_1_105_c-768x768.jpeg 768w, http:\/\/atelier-salon.de\/wp-content\/uploads\/2022\/05\/2AB8DCBE-6AE5-4E27-9130-C0E7A0BDC51D_1_105_c.jpeg 886w\" sizes=\"auto, (max-width: 300px) 100vw, 300px\" \/> <img loading=\"lazy\" decoding=\"async\" class=\"alignnone size-medium wp-image-730\" src=\"http:\/\/atelier-salon.de\/wp-content\/uploads\/2022\/05\/65D75052-FCBB-405D-86D7-8E020A04FF06_1_105_c-225x300.jpeg\" alt=\"\" width=\"225\" height=\"300\" srcset=\"http:\/\/atelier-salon.de\/wp-content\/uploads\/2022\/05\/65D75052-FCBB-405D-86D7-8E020A04FF06_1_105_c-225x300.jpeg 225w, http:\/\/atelier-salon.de\/wp-content\/uploads\/2022\/05\/65D75052-FCBB-405D-86D7-8E020A04FF06_1_105_c.jpeg 768w\" sizes=\"auto, (max-width: 225px) 100vw, 225px\" \/><img loading=\"lazy\" decoding=\"async\" class=\"alignnone size-medium wp-image-729\" src=\"http:\/\/atelier-salon.de\/wp-content\/uploads\/2022\/05\/470B698E-CE4F-4546-A914-8F7F8E32716D_1_105_c-169x300.jpeg\" alt=\"\" width=\"169\" height=\"300\" srcset=\"http:\/\/atelier-salon.de\/wp-content\/uploads\/2022\/05\/470B698E-CE4F-4546-A914-8F7F8E32716D_1_105_c-169x300.jpeg 169w, http:\/\/atelier-salon.de\/wp-content\/uploads\/2022\/05\/470B698E-CE4F-4546-A914-8F7F8E32716D_1_105_c-578x1024.jpeg 578w, http:\/\/atelier-salon.de\/wp-content\/uploads\/2022\/05\/470B698E-CE4F-4546-A914-8F7F8E32716D_1_105_c.jpeg 666w\" sizes=\"auto, (max-width: 169px) 100vw, 169px\" \/><img loading=\"lazy\" decoding=\"async\" class=\"alignnone size-medium wp-image-721\" src=\"http:\/\/atelier-salon.de\/wp-content\/uploads\/2022\/05\/FC75D8FC-71ED-4786-9D82-07C9A50D3112_1_105_c-300x300.jpeg\" alt=\"\" width=\"300\" height=\"300\" srcset=\"http:\/\/atelier-salon.de\/wp-content\/uploads\/2022\/05\/FC75D8FC-71ED-4786-9D82-07C9A50D3112_1_105_c-300x300.jpeg 300w, http:\/\/atelier-salon.de\/wp-content\/uploads\/2022\/05\/FC75D8FC-71ED-4786-9D82-07C9A50D3112_1_105_c-150x150.jpeg 150w, http:\/\/atelier-salon.de\/wp-content\/uploads\/2022\/05\/FC75D8FC-71ED-4786-9D82-07C9A50D3112_1_105_c-768x768.jpeg 768w, http:\/\/atelier-salon.de\/wp-content\/uploads\/2022\/05\/FC75D8FC-71ED-4786-9D82-07C9A50D3112_1_105_c.jpeg 886w\" sizes=\"auto, (max-width: 300px) 100vw, 300px\" \/> <img loading=\"lazy\" decoding=\"async\" class=\"alignnone size-medium wp-image-725\" src=\"http:\/\/atelier-salon.de\/wp-content\/uploads\/2022\/05\/B4EECE16-C907-4B8B-A497-43177400B5F2_1_105_c-200x300.jpeg\" alt=\"\" width=\"200\" height=\"300\" srcset=\"http:\/\/atelier-salon.de\/wp-content\/uploads\/2022\/05\/B4EECE16-C907-4B8B-A497-43177400B5F2_1_105_c-200x300.jpeg 200w, http:\/\/atelier-salon.de\/wp-content\/uploads\/2022\/05\/B4EECE16-C907-4B8B-A497-43177400B5F2_1_105_c-683x1024.jpeg 683w, http:\/\/atelier-salon.de\/wp-content\/uploads\/2022\/05\/B4EECE16-C907-4B8B-A497-43177400B5F2_1_105_c.jpeg 724w\" sizes=\"auto, (max-width: 200px) 100vw, 200px\" \/> <img loading=\"lazy\" decoding=\"async\" class=\"alignnone size-medium wp-image-727\" src=\"http:\/\/atelier-salon.de\/wp-content\/uploads\/2022\/05\/2AB8DCBE-6AE5-4E27-9130-C0E7A0BDC51D_1_105_c-300x300.jpeg\" alt=\"\" width=\"300\" height=\"300\" srcset=\"http:\/\/atelier-salon.de\/wp-content\/uploads\/2022\/05\/2AB8DCBE-6AE5-4E27-9130-C0E7A0BDC51D_1_105_c-300x300.jpeg 300w, http:\/\/atelier-salon.de\/wp-content\/uploads\/2022\/05\/2AB8DCBE-6AE5-4E27-9130-C0E7A0BDC51D_1_105_c-150x150.jpeg 150w, http:\/\/atelier-salon.de\/wp-content\/uploads\/2022\/05\/2AB8DCBE-6AE5-4E27-9130-C0E7A0BDC51D_1_105_c-768x768.jpeg 768w, http:\/\/atelier-salon.de\/wp-content\/uploads\/2022\/05\/2AB8DCBE-6AE5-4E27-9130-C0E7A0BDC51D_1_105_c.jpeg 886w\" sizes=\"auto, (max-width: 300px) 100vw, 300px\" \/><img loading=\"lazy\" decoding=\"async\" class=\"alignnone size-medium wp-image-728\" src=\"http:\/\/atelier-salon.de\/wp-content\/uploads\/2022\/05\/B405738C-294F-44D4-BEF5-B57F4A7AA939_1_105_c-300x300.jpeg\" alt=\"\" width=\"300\" height=\"300\" srcset=\"http:\/\/atelier-salon.de\/wp-content\/uploads\/2022\/05\/B405738C-294F-44D4-BEF5-B57F4A7AA939_1_105_c-300x300.jpeg 300w, http:\/\/atelier-salon.de\/wp-content\/uploads\/2022\/05\/B405738C-294F-44D4-BEF5-B57F4A7AA939_1_105_c-150x150.jpeg 150w, http:\/\/atelier-salon.de\/wp-content\/uploads\/2022\/05\/B405738C-294F-44D4-BEF5-B57F4A7AA939_1_105_c-768x768.jpeg 768w, http:\/\/atelier-salon.de\/wp-content\/uploads\/2022\/05\/B405738C-294F-44D4-BEF5-B57F4A7AA939_1_105_c.jpeg 886w\" sizes=\"auto, (max-width: 300px) 100vw, 300px\" \/><img loading=\"lazy\" decoding=\"async\" class=\"alignnone size-medium wp-image-731\" src=\"http:\/\/atelier-salon.de\/wp-content\/uploads\/2022\/05\/8614D4CE-5E0C-42B8-B144-E4A0CE3996C2_1_105_c-300x225.jpeg\" alt=\"\" width=\"300\" height=\"225\" srcset=\"http:\/\/atelier-salon.de\/wp-content\/uploads\/2022\/05\/8614D4CE-5E0C-42B8-B144-E4A0CE3996C2_1_105_c-300x225.jpeg 300w, http:\/\/atelier-salon.de\/wp-content\/uploads\/2022\/05\/8614D4CE-5E0C-42B8-B144-E4A0CE3996C2_1_105_c-768x576.jpeg 768w, http:\/\/atelier-salon.de\/wp-content\/uploads\/2022\/05\/8614D4CE-5E0C-42B8-B144-E4A0CE3996C2_1_105_c.jpeg 1024w\" sizes=\"auto, (max-width: 300px) 100vw, 300px\" \/><img loading=\"lazy\" decoding=\"async\" class=\"alignnone size-medium wp-image-723\" src=\"http:\/\/atelier-salon.de\/wp-content\/uploads\/2022\/05\/01547F19-438C-43F0-9D7F-6A510F3B1FF9_1_105_c-300x169.jpeg\" alt=\"\" width=\"300\" height=\"169\" srcset=\"http:\/\/atelier-salon.de\/wp-content\/uploads\/2022\/05\/01547F19-438C-43F0-9D7F-6A510F3B1FF9_1_105_c-300x169.jpeg 300w, http:\/\/atelier-salon.de\/wp-content\/uploads\/2022\/05\/01547F19-438C-43F0-9D7F-6A510F3B1FF9_1_105_c-1024x576.jpeg 1024w, http:\/\/atelier-salon.de\/wp-content\/uploads\/2022\/05\/01547F19-438C-43F0-9D7F-6A510F3B1FF9_1_105_c-768x432.jpeg 768w, http:\/\/atelier-salon.de\/wp-content\/uploads\/2022\/05\/01547F19-438C-43F0-9D7F-6A510F3B1FF9_1_105_c.jpeg 1182w\" sizes=\"auto, (max-width: 300px) 100vw, 300px\" \/> <img loading=\"lazy\" decoding=\"async\" class=\"alignnone size-medium wp-image-722\" src=\"http:\/\/atelier-salon.de\/wp-content\/uploads\/2022\/05\/F9F00C52-5883-45DF-9B1F-7933FCA48EA6_1_105_c-300x200.jpeg\" alt=\"\" width=\"300\" height=\"200\" srcset=\"http:\/\/atelier-salon.de\/wp-content\/uploads\/2022\/05\/F9F00C52-5883-45DF-9B1F-7933FCA48EA6_1_105_c-300x200.jpeg 300w, http:\/\/atelier-salon.de\/wp-content\/uploads\/2022\/05\/F9F00C52-5883-45DF-9B1F-7933FCA48EA6_1_105_c-1024x683.jpeg 1024w, http:\/\/atelier-salon.de\/wp-content\/uploads\/2022\/05\/F9F00C52-5883-45DF-9B1F-7933FCA48EA6_1_105_c-768x512.jpeg 768w, http:\/\/atelier-salon.de\/wp-content\/uploads\/2022\/05\/F9F00C52-5883-45DF-9B1F-7933FCA48EA6_1_105_c.jpeg 1086w\" sizes=\"auto, (max-width: 300px) 100vw, 300px\" \/><img loading=\"lazy\" decoding=\"async\" class=\"alignnone size-medium wp-image-726\" src=\"http:\/\/atelier-salon.de\/wp-content\/uploads\/2022\/05\/062D7164-CBFB-4882-8CD2-0F4B1CF4F309_1_105_c-300x200.jpeg\" alt=\"\" width=\"300\" height=\"200\" srcset=\"http:\/\/atelier-salon.de\/wp-content\/uploads\/2022\/05\/062D7164-CBFB-4882-8CD2-0F4B1CF4F309_1_105_c-300x200.jpeg 300w, http:\/\/atelier-salon.de\/wp-content\/uploads\/2022\/05\/062D7164-CBFB-4882-8CD2-0F4B1CF4F309_1_105_c-1024x683.jpeg 1024w, http:\/\/atelier-salon.de\/wp-content\/uploads\/2022\/05\/062D7164-CBFB-4882-8CD2-0F4B1CF4F309_1_105_c-768x512.jpeg 768w, http:\/\/atelier-salon.de\/wp-content\/uploads\/2022\/05\/062D7164-CBFB-4882-8CD2-0F4B1CF4F309_1_105_c.jpeg 1086w\" sizes=\"auto, (max-width: 300px) 100vw, 300px\" \/><\/p>\n<h1>&nbsp;<\/h1>\n<p><strong>07. Juni 2021 &#8211; 01. Juli 2021<\/strong><\/p>\n<p>Filmdreh &#8222;Schwarzer Mond&#8220;, die Malerin, die nicht malt, ein Film von Szava Lakos. Produktion : Zsofi Lili Kovacs, Regie, Kamera : Szav\u00e1 Lakos, Darstellerin : Vera Volni<\/p>\n<p>Filmuniversit\u00e4t Babelsberg, Konrad Wolf<\/p>\n<p>Making of<\/p>\n<p><img loading=\"lazy\" decoding=\"async\" class=\"alignnone size-medium wp-image-669\" src=\"http:\/\/atelier-salon.de\/wp-content\/uploads\/2021\/10\/IMG_3618-300x225.jpg\" alt=\"\" width=\"300\" height=\"225\" srcset=\"http:\/\/atelier-salon.de\/wp-content\/uploads\/2021\/10\/IMG_3618-300x225.jpg 300w, http:\/\/atelier-salon.de\/wp-content\/uploads\/2021\/10\/IMG_3618-1024x768.jpg 1024w, http:\/\/atelier-salon.de\/wp-content\/uploads\/2021\/10\/IMG_3618-768x576.jpg 768w, http:\/\/atelier-salon.de\/wp-content\/uploads\/2021\/10\/IMG_3618-1536x1152.jpg 1536w, http:\/\/atelier-salon.de\/wp-content\/uploads\/2021\/10\/IMG_3618-2048x1536.jpg 2048w\" sizes=\"auto, (max-width: 300px) 100vw, 300px\" \/> <img loading=\"lazy\" decoding=\"async\" class=\"alignnone size-medium wp-image-670\" src=\"http:\/\/atelier-salon.de\/wp-content\/uploads\/2021\/10\/IMG_3608-225x300.jpg\" alt=\"\" width=\"225\" height=\"300\" srcset=\"http:\/\/atelier-salon.de\/wp-content\/uploads\/2021\/10\/IMG_3608-225x300.jpg 225w, http:\/\/atelier-salon.de\/wp-content\/uploads\/2021\/10\/IMG_3608-768x1024.jpg 768w, http:\/\/atelier-salon.de\/wp-content\/uploads\/2021\/10\/IMG_3608-1152x1536.jpg 1152w, http:\/\/atelier-salon.de\/wp-content\/uploads\/2021\/10\/IMG_3608-1536x2048.jpg 1536w, http:\/\/atelier-salon.de\/wp-content\/uploads\/2021\/10\/IMG_3608-scaled.jpg 1920w\" sizes=\"auto, (max-width: 225px) 100vw, 225px\" \/> <img loading=\"lazy\" decoding=\"async\" class=\"alignnone size-medium wp-image-671\" src=\"http:\/\/atelier-salon.de\/wp-content\/uploads\/2021\/10\/IMG_3609-300x225.jpg\" alt=\"\" width=\"300\" height=\"225\" srcset=\"http:\/\/atelier-salon.de\/wp-content\/uploads\/2021\/10\/IMG_3609-300x225.jpg 300w, http:\/\/atelier-salon.de\/wp-content\/uploads\/2021\/10\/IMG_3609-1024x768.jpg 1024w, http:\/\/atelier-salon.de\/wp-content\/uploads\/2021\/10\/IMG_3609-768x576.jpg 768w, http:\/\/atelier-salon.de\/wp-content\/uploads\/2021\/10\/IMG_3609-1536x1152.jpg 1536w, http:\/\/atelier-salon.de\/wp-content\/uploads\/2021\/10\/IMG_3609-2048x1536.jpg 2048w\" sizes=\"auto, (max-width: 300px) 100vw, 300px\" \/> <img loading=\"lazy\" decoding=\"async\" class=\"alignnone size-medium wp-image-672\" src=\"http:\/\/atelier-salon.de\/wp-content\/uploads\/2021\/10\/IMG_3619-225x300.jpg\" alt=\"\" width=\"225\" height=\"300\" srcset=\"http:\/\/atelier-salon.de\/wp-content\/uploads\/2021\/10\/IMG_3619-225x300.jpg 225w, http:\/\/atelier-salon.de\/wp-content\/uploads\/2021\/10\/IMG_3619-768x1024.jpg 768w, http:\/\/atelier-salon.de\/wp-content\/uploads\/2021\/10\/IMG_3619-1152x1536.jpg 1152w, http:\/\/atelier-salon.de\/wp-content\/uploads\/2021\/10\/IMG_3619-1536x2048.jpg 1536w, http:\/\/atelier-salon.de\/wp-content\/uploads\/2021\/10\/IMG_3619-scaled.jpg 1920w\" sizes=\"auto, (max-width: 225px) 100vw, 225px\" \/> <img loading=\"lazy\" decoding=\"async\" class=\"alignnone size-medium wp-image-673\" src=\"http:\/\/atelier-salon.de\/wp-content\/uploads\/2021\/10\/IMG_3621-300x225.jpg\" alt=\"\" width=\"300\" height=\"225\" srcset=\"http:\/\/atelier-salon.de\/wp-content\/uploads\/2021\/10\/IMG_3621-300x225.jpg 300w, http:\/\/atelier-salon.de\/wp-content\/uploads\/2021\/10\/IMG_3621-1024x768.jpg 1024w, http:\/\/atelier-salon.de\/wp-content\/uploads\/2021\/10\/IMG_3621-768x576.jpg 768w, http:\/\/atelier-salon.de\/wp-content\/uploads\/2021\/10\/IMG_3621-1536x1152.jpg 1536w, http:\/\/atelier-salon.de\/wp-content\/uploads\/2021\/10\/IMG_3621-2048x1536.jpg 2048w\" sizes=\"auto, (max-width: 300px) 100vw, 300px\" \/> <img loading=\"lazy\" decoding=\"async\" class=\"alignnone size-medium wp-image-674\" src=\"http:\/\/atelier-salon.de\/wp-content\/uploads\/2021\/10\/IMG_3622-225x300.jpg\" alt=\"\" width=\"225\" height=\"300\" srcset=\"http:\/\/atelier-salon.de\/wp-content\/uploads\/2021\/10\/IMG_3622-225x300.jpg 225w, http:\/\/atelier-salon.de\/wp-content\/uploads\/2021\/10\/IMG_3622-768x1024.jpg 768w, http:\/\/atelier-salon.de\/wp-content\/uploads\/2021\/10\/IMG_3622-1152x1536.jpg 1152w, http:\/\/atelier-salon.de\/wp-content\/uploads\/2021\/10\/IMG_3622-1536x2048.jpg 1536w, http:\/\/atelier-salon.de\/wp-content\/uploads\/2021\/10\/IMG_3622-scaled.jpg 1920w\" sizes=\"auto, (max-width: 225px) 100vw, 225px\" \/><\/p>\n<p><strong>23. Januar 2021, Galeria Kaufhof, POP UP<\/strong><\/p>\n<p>Atelier-Salon pr\u00e4sentiert sich in der &nbsp;POP UP Gallerie des Kaufhofes, kurz vor dessen Abriss. Ausstellende K\u00fcnstler\/Innen sind Vera Volni (Malerei + Videokunst), Youss Atacora (Malerei), Szav\u00e1 Lakos (Installation, Videokunst), Ursula S. Mueller (Fotografie).<\/p>\n<p><img loading=\"lazy\" decoding=\"async\" class=\"alignnone size-medium wp-image-662\" src=\"http:\/\/atelier-salon.de\/wp-content\/uploads\/2021\/10\/thumb_IMG_1354_1024-225x300.jpg\" alt=\"\" width=\"225\" height=\"300\" srcset=\"http:\/\/atelier-salon.de\/wp-content\/uploads\/2021\/10\/thumb_IMG_1354_1024-225x300.jpg 225w, http:\/\/atelier-salon.de\/wp-content\/uploads\/2021\/10\/thumb_IMG_1354_1024.jpg 768w\" sizes=\"auto, (max-width: 225px) 100vw, 225px\" \/>&nbsp;<img loading=\"lazy\" decoding=\"async\" class=\"alignnone size-medium wp-image-664\" src=\"http:\/\/atelier-salon.de\/wp-content\/uploads\/2021\/10\/thumb_IMG_1362_1024-300x225.jpg\" alt=\"\" width=\"300\" height=\"225\" srcset=\"http:\/\/atelier-salon.de\/wp-content\/uploads\/2021\/10\/thumb_IMG_1362_1024-300x225.jpg 300w, http:\/\/atelier-salon.de\/wp-content\/uploads\/2021\/10\/thumb_IMG_1362_1024-768x576.jpg 768w, http:\/\/atelier-salon.de\/wp-content\/uploads\/2021\/10\/thumb_IMG_1362_1024.jpg 1024w\" sizes=\"auto, (max-width: 300px) 100vw, 300px\" \/><img loading=\"lazy\" decoding=\"async\" class=\"alignnone size-medium wp-image-661\" src=\"http:\/\/atelier-salon.de\/wp-content\/uploads\/2021\/10\/thumb_IMG_1278_1024-300x225.jpg\" alt=\"\" width=\"300\" height=\"225\" srcset=\"http:\/\/atelier-salon.de\/wp-content\/uploads\/2021\/10\/thumb_IMG_1278_1024-300x225.jpg 300w, http:\/\/atelier-salon.de\/wp-content\/uploads\/2021\/10\/thumb_IMG_1278_1024-768x576.jpg 768w, http:\/\/atelier-salon.de\/wp-content\/uploads\/2021\/10\/thumb_IMG_1278_1024.jpg 1024w\" sizes=\"auto, (max-width: 300px) 100vw, 300px\" \/> &nbsp;<img loading=\"lazy\" decoding=\"async\" class=\"alignnone size-medium wp-image-663\" src=\"http:\/\/atelier-salon.de\/wp-content\/uploads\/2021\/10\/thumb_IMG_1355_1024-225x300.jpg\" alt=\"\" width=\"225\" height=\"300\" srcset=\"http:\/\/atelier-salon.de\/wp-content\/uploads\/2021\/10\/thumb_IMG_1355_1024-225x300.jpg 225w, http:\/\/atelier-salon.de\/wp-content\/uploads\/2021\/10\/thumb_IMG_1355_1024.jpg 768w\" sizes=\"auto, (max-width: 225px) 100vw, 225px\" \/> &nbsp;<img loading=\"lazy\" decoding=\"async\" class=\"alignnone size-medium wp-image-665\" src=\"http:\/\/atelier-salon.de\/wp-content\/uploads\/2021\/10\/thumb_IMG_1331_1024-225x300.jpg\" alt=\"\" width=\"225\" height=\"300\" srcset=\"http:\/\/atelier-salon.de\/wp-content\/uploads\/2021\/10\/thumb_IMG_1331_1024-225x300.jpg 225w, http:\/\/atelier-salon.de\/wp-content\/uploads\/2021\/10\/thumb_IMG_1331_1024.jpg 768w\" sizes=\"auto, (max-width: 225px) 100vw, 225px\" \/> <img loading=\"lazy\" decoding=\"async\" class=\"alignnone size-medium wp-image-666\" src=\"http:\/\/atelier-salon.de\/wp-content\/uploads\/2021\/10\/thumb_IMG_1284_1024-300x225.jpg\" alt=\"\" width=\"300\" height=\"225\" srcset=\"http:\/\/atelier-salon.de\/wp-content\/uploads\/2021\/10\/thumb_IMG_1284_1024-300x225.jpg 300w, http:\/\/atelier-salon.de\/wp-content\/uploads\/2021\/10\/thumb_IMG_1284_1024-768x576.jpg 768w, http:\/\/atelier-salon.de\/wp-content\/uploads\/2021\/10\/thumb_IMG_1284_1024.jpg 1024w\" sizes=\"auto, (max-width: 300px) 100vw, 300px\" \/><\/p>\n<p>Vernissage &#8222;Portraits \/ Youss Atacora&#8220;<\/p>\n<p>Die Ausstellung ist noch bis einschlie\u00dflich 18. Dezember zu sehen<\/p>\n<p><img loading=\"lazy\" decoding=\"async\" class=\"alignnone  wp-image-564\" src=\"http:\/\/atelier-salon.de\/wp-content\/uploads\/2020\/10\/f36df110-be28-4a0d-9ad7-8479a78e449b-300x139.jpg\" alt=\"\" width=\"350\" height=\"162\" srcset=\"http:\/\/atelier-salon.de\/wp-content\/uploads\/2020\/10\/f36df110-be28-4a0d-9ad7-8479a78e449b-300x139.jpg 300w, http:\/\/atelier-salon.de\/wp-content\/uploads\/2020\/10\/f36df110-be28-4a0d-9ad7-8479a78e449b-1024x473.jpg 1024w, http:\/\/atelier-salon.de\/wp-content\/uploads\/2020\/10\/f36df110-be28-4a0d-9ad7-8479a78e449b-768x355.jpg 768w, http:\/\/atelier-salon.de\/wp-content\/uploads\/2020\/10\/f36df110-be28-4a0d-9ad7-8479a78e449b-1536x709.jpg 1536w, http:\/\/atelier-salon.de\/wp-content\/uploads\/2020\/10\/f36df110-be28-4a0d-9ad7-8479a78e449b.jpg 1600w\" sizes=\"auto, (max-width: 350px) 100vw, 350px\" \/><\/p>\n<p><img loading=\"lazy\" decoding=\"async\" class=\"alignnone  wp-image-565\" src=\"http:\/\/atelier-salon.de\/wp-content\/uploads\/2020\/10\/aa6e8dbf-e4b8-4fc3-8191-090dcf97ac7c-300x139.jpg\" alt=\"\" width=\"350\" height=\"162\" srcset=\"http:\/\/atelier-salon.de\/wp-content\/uploads\/2020\/10\/aa6e8dbf-e4b8-4fc3-8191-090dcf97ac7c-300x139.jpg 300w, http:\/\/atelier-salon.de\/wp-content\/uploads\/2020\/10\/aa6e8dbf-e4b8-4fc3-8191-090dcf97ac7c-1024x473.jpg 1024w, http:\/\/atelier-salon.de\/wp-content\/uploads\/2020\/10\/aa6e8dbf-e4b8-4fc3-8191-090dcf97ac7c-768x355.jpg 768w, http:\/\/atelier-salon.de\/wp-content\/uploads\/2020\/10\/aa6e8dbf-e4b8-4fc3-8191-090dcf97ac7c-1536x709.jpg 1536w, http:\/\/atelier-salon.de\/wp-content\/uploads\/2020\/10\/aa6e8dbf-e4b8-4fc3-8191-090dcf97ac7c.jpg 1600w\" sizes=\"auto, (max-width: 350px) 100vw, 350px\" \/> <img loading=\"lazy\" decoding=\"async\" class=\"alignnone  wp-image-566\" src=\"http:\/\/atelier-salon.de\/wp-content\/uploads\/2020\/10\/3548da1c-9816-485e-aec3-b6f3734ad3b5-300x139.jpg\" alt=\"\" width=\"350\" height=\"162\" srcset=\"http:\/\/atelier-salon.de\/wp-content\/uploads\/2020\/10\/3548da1c-9816-485e-aec3-b6f3734ad3b5-300x139.jpg 300w, http:\/\/atelier-salon.de\/wp-content\/uploads\/2020\/10\/3548da1c-9816-485e-aec3-b6f3734ad3b5-1024x473.jpg 1024w, http:\/\/atelier-salon.de\/wp-content\/uploads\/2020\/10\/3548da1c-9816-485e-aec3-b6f3734ad3b5-768x355.jpg 768w, http:\/\/atelier-salon.de\/wp-content\/uploads\/2020\/10\/3548da1c-9816-485e-aec3-b6f3734ad3b5-1536x709.jpg 1536w, http:\/\/atelier-salon.de\/wp-content\/uploads\/2020\/10\/3548da1c-9816-485e-aec3-b6f3734ad3b5.jpg 1600w\" sizes=\"auto, (max-width: 350px) 100vw, 350px\" \/> <img loading=\"lazy\" decoding=\"async\" class=\"alignnone  wp-image-567\" src=\"http:\/\/atelier-salon.de\/wp-content\/uploads\/2020\/10\/296e2b3e-fc40-48d9-aad2-49e7ae7d45eb-300x139.jpg\" alt=\"\" width=\"350\" height=\"162\" srcset=\"http:\/\/atelier-salon.de\/wp-content\/uploads\/2020\/10\/296e2b3e-fc40-48d9-aad2-49e7ae7d45eb-300x139.jpg 300w, http:\/\/atelier-salon.de\/wp-content\/uploads\/2020\/10\/296e2b3e-fc40-48d9-aad2-49e7ae7d45eb-1024x473.jpg 1024w, http:\/\/atelier-salon.de\/wp-content\/uploads\/2020\/10\/296e2b3e-fc40-48d9-aad2-49e7ae7d45eb-768x355.jpg 768w, http:\/\/atelier-salon.de\/wp-content\/uploads\/2020\/10\/296e2b3e-fc40-48d9-aad2-49e7ae7d45eb-1536x709.jpg 1536w, http:\/\/atelier-salon.de\/wp-content\/uploads\/2020\/10\/296e2b3e-fc40-48d9-aad2-49e7ae7d45eb.jpg 1600w\" sizes=\"auto, (max-width: 350px) 100vw, 350px\" \/> <img loading=\"lazy\" decoding=\"async\" class=\"alignnone  wp-image-568\" src=\"http:\/\/atelier-salon.de\/wp-content\/uploads\/2020\/10\/0e9c1838-cd22-4a4e-818b-83b37f622164-300x139.jpg\" alt=\"\" width=\"350\" height=\"162\" srcset=\"http:\/\/atelier-salon.de\/wp-content\/uploads\/2020\/10\/0e9c1838-cd22-4a4e-818b-83b37f622164-300x139.jpg 300w, http:\/\/atelier-salon.de\/wp-content\/uploads\/2020\/10\/0e9c1838-cd22-4a4e-818b-83b37f622164-1024x473.jpg 1024w, http:\/\/atelier-salon.de\/wp-content\/uploads\/2020\/10\/0e9c1838-cd22-4a4e-818b-83b37f622164-768x355.jpg 768w, http:\/\/atelier-salon.de\/wp-content\/uploads\/2020\/10\/0e9c1838-cd22-4a4e-818b-83b37f622164-1536x709.jpg 1536w, http:\/\/atelier-salon.de\/wp-content\/uploads\/2020\/10\/0e9c1838-cd22-4a4e-818b-83b37f622164.jpg 1600w\" sizes=\"auto, (max-width: 350px) 100vw, 350px\" \/> <img loading=\"lazy\" decoding=\"async\" class=\"alignnone  wp-image-569\" src=\"http:\/\/atelier-salon.de\/wp-content\/uploads\/2020\/10\/bf8c4bd4-5503-4fff-8577-01a3435cd12b-300x139.jpg\" alt=\"\" width=\"350\" height=\"162\" srcset=\"http:\/\/atelier-salon.de\/wp-content\/uploads\/2020\/10\/bf8c4bd4-5503-4fff-8577-01a3435cd12b-300x139.jpg 300w, http:\/\/atelier-salon.de\/wp-content\/uploads\/2020\/10\/bf8c4bd4-5503-4fff-8577-01a3435cd12b-1024x473.jpg 1024w, http:\/\/atelier-salon.de\/wp-content\/uploads\/2020\/10\/bf8c4bd4-5503-4fff-8577-01a3435cd12b-768x355.jpg 768w, http:\/\/atelier-salon.de\/wp-content\/uploads\/2020\/10\/bf8c4bd4-5503-4fff-8577-01a3435cd12b-1536x709.jpg 1536w, http:\/\/atelier-salon.de\/wp-content\/uploads\/2020\/10\/bf8c4bd4-5503-4fff-8577-01a3435cd12b.jpg 1600w\" sizes=\"auto, (max-width: 350px) 100vw, 350px\" \/> <img loading=\"lazy\" decoding=\"async\" class=\"alignnone  wp-image-570\" src=\"http:\/\/atelier-salon.de\/wp-content\/uploads\/2020\/10\/d8a5b2ed-ea88-4deb-857b-6e99061ddae1-300x139.jpg\" alt=\"\" width=\"350\" height=\"162\" srcset=\"http:\/\/atelier-salon.de\/wp-content\/uploads\/2020\/10\/d8a5b2ed-ea88-4deb-857b-6e99061ddae1-300x139.jpg 300w, http:\/\/atelier-salon.de\/wp-content\/uploads\/2020\/10\/d8a5b2ed-ea88-4deb-857b-6e99061ddae1-1024x473.jpg 1024w, http:\/\/atelier-salon.de\/wp-content\/uploads\/2020\/10\/d8a5b2ed-ea88-4deb-857b-6e99061ddae1-768x355.jpg 768w, http:\/\/atelier-salon.de\/wp-content\/uploads\/2020\/10\/d8a5b2ed-ea88-4deb-857b-6e99061ddae1-1536x709.jpg 1536w, http:\/\/atelier-salon.de\/wp-content\/uploads\/2020\/10\/d8a5b2ed-ea88-4deb-857b-6e99061ddae1.jpg 1600w\" sizes=\"auto, (max-width: 350px) 100vw, 350px\" \/> <img loading=\"lazy\" decoding=\"async\" class=\"alignnone  wp-image-571\" src=\"http:\/\/atelier-salon.de\/wp-content\/uploads\/2020\/10\/9fa3afae-fb2d-4a5e-b62c-555b7e563277-300x139.jpg\" alt=\"\" width=\"350\" height=\"162\" srcset=\"http:\/\/atelier-salon.de\/wp-content\/uploads\/2020\/10\/9fa3afae-fb2d-4a5e-b62c-555b7e563277-300x139.jpg 300w, http:\/\/atelier-salon.de\/wp-content\/uploads\/2020\/10\/9fa3afae-fb2d-4a5e-b62c-555b7e563277-1024x473.jpg 1024w, http:\/\/atelier-salon.de\/wp-content\/uploads\/2020\/10\/9fa3afae-fb2d-4a5e-b62c-555b7e563277-768x355.jpg 768w, http:\/\/atelier-salon.de\/wp-content\/uploads\/2020\/10\/9fa3afae-fb2d-4a5e-b62c-555b7e563277-1536x709.jpg 1536w, http:\/\/atelier-salon.de\/wp-content\/uploads\/2020\/10\/9fa3afae-fb2d-4a5e-b62c-555b7e563277.jpg 1600w\" sizes=\"auto, (max-width: 350px) 100vw, 350px\" \/><\/p>\n<p><strong>14. Dezember 2020, 00.00 Uhr \u2013 20. Dezember 2020, 24.00 Uhr<\/strong><\/p>\n<p class=\"has-text-align-center\"><strong>OnlineAuktion der Werke von Youss Atacora \/ Portraits<\/strong><\/p>\n<p class=\"has-text-align-center\">Die Werke des K\u00fcnstlers werden auf Instagram vorgestellt und der jeweilige Mindestpreis aufgerufen.<br \/><a href=\"https:\/\/www.instagram.com\/jahrhundertpassion\/\">https:\/\/www.instagram.com\/jahrhundertpassion\/<\/a><\/p>\n<p class=\"has-text-align-center\">Kaufangebote k\u00f6nnen abgegeben unter <a href=\"mailto:contact@jahrhundert-passion.com\">contact@jahrhundert-passion.com<\/a><\/p>\n<p><i>18. September 2020, Fortstr. 10, Hinterhaus, 76829 LD<\/i><\/p>\n<p><em><strong>Youss Atacora \/ &nbsp;Benin , Westafrika<\/strong><\/em><\/p>\n<p>Portraits \/&nbsp;Acryl auf Leinen<\/p>\n<p><em><strong>Vernissage \/ 18. September 2020, 18.00 Uhr \/&nbsp;<\/strong><\/em><em><strong>Finissage \/ 18. Dezember 2020.<\/strong><\/em><\/p>\n<p><em><strong>Der Atelier \u2013 Salon ist jeden Samstag von 17.00 Uhr \u2013 21.00 Uhr COVID 19 gerecht ! ge\u00f6ffnet \u2026 lassen sie sich \u00fcberraschen.<\/strong><\/em><\/p>\n<p><img loading=\"lazy\" decoding=\"async\" class=\"alignnone size-medium wp-image-492\" src=\"http:\/\/atelier-salon.de\/wp-content\/uploads\/2020\/07\/e9861f39-478e-47ab-b3d3-f8a152d96ccd-275x300.jpg\" sizes=\"auto, (max-width: 275px) 100vw, 275px\" srcset=\"http:\/\/atelier-salon.de\/wp-content\/uploads\/2020\/07\/e9861f39-478e-47ab-b3d3-f8a152d96ccd-275x300.jpg 275w, http:\/\/atelier-salon.de\/wp-content\/uploads\/2020\/07\/e9861f39-478e-47ab-b3d3-f8a152d96ccd-768x838.jpg 768w, http:\/\/atelier-salon.de\/wp-content\/uploads\/2020\/07\/e9861f39-478e-47ab-b3d3-f8a152d96ccd-939x1024.jpg 939w, http:\/\/atelier-salon.de\/wp-content\/uploads\/2020\/07\/e9861f39-478e-47ab-b3d3-f8a152d96ccd.jpg 990w\" alt=\"\" width=\"275\" height=\"300\">&nbsp; <img loading=\"lazy\" decoding=\"async\" class=\"alignnone size-medium wp-image-493\" src=\"http:\/\/atelier-salon.de\/wp-content\/uploads\/2020\/07\/88de73a2-726d-40a5-b64a-c2e0197f331c-267x300.jpg\" sizes=\"auto, (max-width: 267px) 100vw, 267px\" srcset=\"http:\/\/atelier-salon.de\/wp-content\/uploads\/2020\/07\/88de73a2-726d-40a5-b64a-c2e0197f331c-267x300.jpg 267w, http:\/\/atelier-salon.de\/wp-content\/uploads\/2020\/07\/88de73a2-726d-40a5-b64a-c2e0197f331c-768x864.jpg 768w, http:\/\/atelier-salon.de\/wp-content\/uploads\/2020\/07\/88de73a2-726d-40a5-b64a-c2e0197f331c-910x1024.jpg 910w, http:\/\/atelier-salon.de\/wp-content\/uploads\/2020\/07\/88de73a2-726d-40a5-b64a-c2e0197f331c.jpg 960w\" alt=\"\" width=\"267\" height=\"300\"><\/p>\n<p><strong><em>Art of Less \/ Axel Birgin&nbsp;<\/em><\/strong><\/p>\n<p>Schr\u00e4ge V\u00f6gel und Geweihtr\u00e4ger<\/p>\n<p><strong><em># 29 M\u00e4rz 2020, &nbsp;11.00 Uhr, Ausstellungser\u00f6ffnung<\/em><\/strong><\/p>\n<p>(bis 06.05.2020)<\/p>\n<p>!!!!!!!!!!!!!!!!!!!!!! vorerst abgesagt. Sobald es einen neuen Termin gibt, wird er hier rechtzeitig ver\u00f6ffentlicht !!!!!!!!!!!!!!!!!!!!!!!!!<\/p>\n<p><img loading=\"lazy\" decoding=\"async\" class=\"alignnone  wp-image-455\" src=\"http:\/\/atelier-salon.de\/wp-content\/uploads\/2020\/01\/Bildschirmfoto-2020-01-26-um-20.15.57-300x300.png\" sizes=\"auto, (max-width: 294px) 100vw, 294px\" srcset=\"http:\/\/atelier-salon.de\/wp-content\/uploads\/2020\/01\/Bildschirmfoto-2020-01-26-um-20.15.57-300x300.png 300w, http:\/\/atelier-salon.de\/wp-content\/uploads\/2020\/01\/Bildschirmfoto-2020-01-26-um-20.15.57-150x150.png 150w, http:\/\/atelier-salon.de\/wp-content\/uploads\/2020\/01\/Bildschirmfoto-2020-01-26-um-20.15.57.png 357w\" alt=\"\" width=\"294\" height=\"294\">&nbsp;<img loading=\"lazy\" decoding=\"async\" class=\"alignnone  wp-image-456\" src=\"http:\/\/atelier-salon.de\/wp-content\/uploads\/2020\/01\/Bildschirmfoto-2020-01-26-um-20.16.09-300x300.png\" sizes=\"auto, (max-width: 293px) 100vw, 293px\" srcset=\"http:\/\/atelier-salon.de\/wp-content\/uploads\/2020\/01\/Bildschirmfoto-2020-01-26-um-20.16.09-300x300.png 300w, http:\/\/atelier-salon.de\/wp-content\/uploads\/2020\/01\/Bildschirmfoto-2020-01-26-um-20.16.09-150x150.png 150w, http:\/\/atelier-salon.de\/wp-content\/uploads\/2020\/01\/Bildschirmfoto-2020-01-26-um-20.16.09.png 357w\" alt=\"\" width=\"293\" height=\"293\"><img loading=\"lazy\" decoding=\"async\" class=\"alignnone  wp-image-453\" src=\"http:\/\/atelier-salon.de\/wp-content\/uploads\/2020\/01\/Bildschirmfoto-2020-01-26-um-20.15.23-300x298.png\" sizes=\"auto, (max-width: 296px) 100vw, 296px\" srcset=\"http:\/\/atelier-salon.de\/wp-content\/uploads\/2020\/01\/Bildschirmfoto-2020-01-26-um-20.15.23-300x298.png 300w, http:\/\/atelier-salon.de\/wp-content\/uploads\/2020\/01\/Bildschirmfoto-2020-01-26-um-20.15.23-150x150.png 150w, http:\/\/atelier-salon.de\/wp-content\/uploads\/2020\/01\/Bildschirmfoto-2020-01-26-um-20.15.23.png 358w\" alt=\"\" width=\"296\" height=\"294\"><\/p>\n<p>Vernissage &#8222;Geschwisterkunst&#8220; am 26. Oktober 2019<\/p>\n<p><strong><em>Aufgrund des gro\u00dfen Interesses wird diese Ausstellung bis 14. Dezember verl\u00e4ngert !<\/em><\/strong><\/p>\n<p>Liebe Luzia, Liebe Inge, danke f\u00fcr euer Wirken im Atelier _ Salon und die Klarheit, die Ihr in diesen Raum gezaubert habt.<\/p>\n<p>&#8222;Es ist uns ein Vergn\u00fcgen&#8220; &#8230;<\/p>\n<p><img loading=\"lazy\" decoding=\"async\" class=\"alignnone wp-image-435 size-medium\" src=\"http:\/\/atelier-salon.de\/wp-content\/uploads\/2019\/11\/IMG_1511-1-e1574717225266-169x300.jpg\" alt=\"\" width=\"169\" height=\"300\" srcset=\"http:\/\/atelier-salon.de\/wp-content\/uploads\/2019\/11\/IMG_1511-1-e1574717225266-169x300.jpg 169w, http:\/\/atelier-salon.de\/wp-content\/uploads\/2019\/11\/IMG_1511-1-e1574717225266-768x1365.jpg 768w, http:\/\/atelier-salon.de\/wp-content\/uploads\/2019\/11\/IMG_1511-1-e1574717225266-576x1024.jpg 576w, http:\/\/atelier-salon.de\/wp-content\/uploads\/2019\/11\/IMG_1511-1-e1574717225266.jpg 1080w\" sizes=\"auto, (max-width: 169px) 100vw, 169px\" \/><\/p>\n<p><img loading=\"lazy\" decoding=\"async\" class=\"alignnone  wp-image-385\" src=\"http:\/\/atelier-salon.de\/wp-content\/uploads\/2019\/11\/IMG_1512-300x169.jpg\" alt=\"\" width=\"313\" height=\"176\" srcset=\"http:\/\/atelier-salon.de\/wp-content\/uploads\/2019\/11\/IMG_1512-300x169.jpg 300w, http:\/\/atelier-salon.de\/wp-content\/uploads\/2019\/11\/IMG_1512-768x432.jpg 768w, http:\/\/atelier-salon.de\/wp-content\/uploads\/2019\/11\/IMG_1512-1024x576.jpg 1024w, http:\/\/atelier-salon.de\/wp-content\/uploads\/2019\/11\/IMG_1512.jpg 1920w\" sizes=\"auto, (max-width: 313px) 100vw, 313px\" \/><\/p>\n<p><img loading=\"lazy\" decoding=\"async\" class=\"alignnone wp-image-398 size-medium\" src=\"http:\/\/atelier-salon.de\/wp-content\/uploads\/2019\/11\/DSC_0247-e1574715257520-199x300.jpg\" alt=\"\" width=\"199\" height=\"300\" srcset=\"http:\/\/atelier-salon.de\/wp-content\/uploads\/2019\/11\/DSC_0247-e1574715257520-199x300.jpg 199w, http:\/\/atelier-salon.de\/wp-content\/uploads\/2019\/11\/DSC_0247-e1574715257520-768x1155.jpg 768w, http:\/\/atelier-salon.de\/wp-content\/uploads\/2019\/11\/DSC_0247-e1574715257520-681x1024.jpg 681w, http:\/\/atelier-salon.de\/wp-content\/uploads\/2019\/11\/DSC_0247-e1574715257520.jpg 2000w\" sizes=\"auto, (max-width: 199px) 100vw, 199px\" \/>&nbsp; &nbsp;&nbsp;<img loading=\"lazy\" decoding=\"async\" class=\"alignnone  wp-image-397\" src=\"http:\/\/atelier-salon.de\/wp-content\/uploads\/2019\/11\/DSC_0246-300x199.jpg\" alt=\"\" width=\"313\" height=\"209\" srcset=\"http:\/\/atelier-salon.de\/wp-content\/uploads\/2019\/11\/DSC_0246-300x199.jpg 300w, http:\/\/atelier-salon.de\/wp-content\/uploads\/2019\/11\/DSC_0246-768x511.jpg 768w, http:\/\/atelier-salon.de\/wp-content\/uploads\/2019\/11\/DSC_0246-1024x681.jpg 1024w, http:\/\/atelier-salon.de\/wp-content\/uploads\/2019\/11\/DSC_0246-387x260.jpg 387w\" sizes=\"auto, (max-width: 313px) 100vw, 313px\" \/><\/p>\n<p><img loading=\"lazy\" decoding=\"async\" class=\"alignnone size-medium wp-image-389\" src=\"http:\/\/atelier-salon.de\/wp-content\/uploads\/2019\/11\/IMG_1529-300x169.jpg\" alt=\"\" width=\"300\" height=\"169\" srcset=\"http:\/\/atelier-salon.de\/wp-content\/uploads\/2019\/11\/IMG_1529-300x169.jpg 300w, http:\/\/atelier-salon.de\/wp-content\/uploads\/2019\/11\/IMG_1529-768x432.jpg 768w, http:\/\/atelier-salon.de\/wp-content\/uploads\/2019\/11\/IMG_1529-1024x576.jpg 1024w, http:\/\/atelier-salon.de\/wp-content\/uploads\/2019\/11\/IMG_1529.jpg 1920w\" sizes=\"auto, (max-width: 300px) 100vw, 300px\" \/><\/p>\n<p><img loading=\"lazy\" decoding=\"async\" class=\"alignnone  wp-image-388\" src=\"http:\/\/atelier-salon.de\/wp-content\/uploads\/2019\/11\/IMG_1523-300x169.jpg\" alt=\"\" width=\"325\" height=\"183\" srcset=\"http:\/\/atelier-salon.de\/wp-content\/uploads\/2019\/11\/IMG_1523-300x169.jpg 300w, http:\/\/atelier-salon.de\/wp-content\/uploads\/2019\/11\/IMG_1523-768x432.jpg 768w, http:\/\/atelier-salon.de\/wp-content\/uploads\/2019\/11\/IMG_1523-1024x576.jpg 1024w, http:\/\/atelier-salon.de\/wp-content\/uploads\/2019\/11\/IMG_1523.jpg 1920w\" sizes=\"auto, (max-width: 325px) 100vw, 325px\" \/><\/p>\n<p><strong><em>Aufgrund des gro\u00dfen Interesses wird diese Ausstellung bis 14. Dezember verl\u00e4ngert !<\/em><\/strong><\/p>\n<p><strong><em># 26. Oktober&nbsp;2019, &nbsp;11.00 Uhr, Ausstellungser\u00f6ffnung, <i>Fortstr. 10, Hinterhaus, 76829 LD<\/i><\/em><\/strong><\/p>\n<p><strong><em>Familientreffen:<\/em><\/strong><br \/>Impressionen aus Ton und Acryl.<br \/><em><strong>Inge Gerstner malt, Luzia Noss modelliert.&nbsp;<\/strong><\/em><br \/>Erleben Sie in der Ausstellung, wie sich in dieser Beziehung \u00c4hnlichkeiten Ausdruck verschaffen und Unterschiede eigene Wege finden.<\/p>\n<p><img loading=\"lazy\" decoding=\"async\" class=\"alignnone size-medium wp-image-353\" src=\"http:\/\/atelier-salon.de\/wp-content\/uploads\/2019\/08\/Bildschirmfoto-2019-08-16-um-20.26.53-300x300.png\" sizes=\"auto, (max-width: 300px) 100vw, 300px\" srcset=\"http:\/\/atelier-salon.de\/wp-content\/uploads\/2019\/08\/Bildschirmfoto-2019-08-16-um-20.26.53-300x300.png 300w, http:\/\/atelier-salon.de\/wp-content\/uploads\/2019\/08\/Bildschirmfoto-2019-08-16-um-20.26.53-150x150.png 150w, http:\/\/atelier-salon.de\/wp-content\/uploads\/2019\/08\/Bildschirmfoto-2019-08-16-um-20.26.53.png 649w\" alt=\"\" width=\"300\" height=\"300\"> <img loading=\"lazy\" decoding=\"async\" class=\"alignnone size-medium wp-image-354\" src=\"http:\/\/atelier-salon.de\/wp-content\/uploads\/2019\/08\/Bildschirmfoto-2019-08-16-um-20.27.11-300x300.png\" sizes=\"auto, (max-width: 300px) 100vw, 300px\" srcset=\"http:\/\/atelier-salon.de\/wp-content\/uploads\/2019\/08\/Bildschirmfoto-2019-08-16-um-20.27.11-300x300.png 300w, http:\/\/atelier-salon.de\/wp-content\/uploads\/2019\/08\/Bildschirmfoto-2019-08-16-um-20.27.11-150x150.png 150w, http:\/\/atelier-salon.de\/wp-content\/uploads\/2019\/08\/Bildschirmfoto-2019-08-16-um-20.27.11.png 650w\" alt=\"\" width=\"300\" height=\"300\"><\/p>\n<p>14. September 2019<\/p>\n<p>&#8222;MoonShineSerenade&#8220; &nbsp;,<\/p>\n<p>Annika Hand (Gesang und Lesung),<\/p>\n<p>Lewin Wei\u00df (Klavier)<\/p>\n<p>Alexander Gaer (Malerei, Druckgrafik, Photograpie)<\/p>\n<p><img loading=\"lazy\" decoding=\"async\" class=\"alignnone size-medium wp-image-414\" src=\"http:\/\/atelier-salon.de\/wp-content\/uploads\/2019\/11\/e3ebd7ac-e0cf-470c-ad26-060e49deacf0-300x169.jpg\" alt=\"\" width=\"300\" height=\"169\" srcset=\"http:\/\/atelier-salon.de\/wp-content\/uploads\/2019\/11\/e3ebd7ac-e0cf-470c-ad26-060e49deacf0-300x169.jpg 300w, http:\/\/atelier-salon.de\/wp-content\/uploads\/2019\/11\/e3ebd7ac-e0cf-470c-ad26-060e49deacf0-768x432.jpg 768w, http:\/\/atelier-salon.de\/wp-content\/uploads\/2019\/11\/e3ebd7ac-e0cf-470c-ad26-060e49deacf0-1024x576.jpg 1024w, http:\/\/atelier-salon.de\/wp-content\/uploads\/2019\/11\/e3ebd7ac-e0cf-470c-ad26-060e49deacf0.jpg 1328w\" sizes=\"auto, (max-width: 300px) 100vw, 300px\" \/><\/p>\n<p><img loading=\"lazy\" decoding=\"async\" class=\"alignnone size-medium wp-image-410\" src=\"http:\/\/atelier-salon.de\/wp-content\/uploads\/2019\/11\/324b0682-619c-4494-b17c-b95d9cd0c4a5-300x169.jpg\" alt=\"\" width=\"300\" height=\"169\" srcset=\"http:\/\/atelier-salon.de\/wp-content\/uploads\/2019\/11\/324b0682-619c-4494-b17c-b95d9cd0c4a5-300x169.jpg 300w, http:\/\/atelier-salon.de\/wp-content\/uploads\/2019\/11\/324b0682-619c-4494-b17c-b95d9cd0c4a5-768x432.jpg 768w, http:\/\/atelier-salon.de\/wp-content\/uploads\/2019\/11\/324b0682-619c-4494-b17c-b95d9cd0c4a5-1024x576.jpg 1024w, http:\/\/atelier-salon.de\/wp-content\/uploads\/2019\/11\/324b0682-619c-4494-b17c-b95d9cd0c4a5.jpg 1328w\" sizes=\"auto, (max-width: 300px) 100vw, 300px\" \/><\/p>\n<p><em><strong># 14. September 2019, &nbsp;19.30 Uhr, MoonshineSerenade, <i>Fortstr. 10, Hinterhaus, 76829 LD<\/i><\/strong><\/em><\/p>\n<p>Mondscheingewebe aus Licht, Farben und Jazzkl\u00e4ngen<\/p>\n<p>Annika Hand (Gesang),&nbsp;Levin Wei\u00df (Piano) und&nbsp;Alexander Gaer (Malerei, Druckgrafik, Photographie) laden ein zur Vollmondnacht am Samstag den 14. September 2019, 19.30 Uhr.<\/p>\n<p>Eintritt frei _ Spenden sind willkommen<\/p>\n<p><strong><img loading=\"lazy\" decoding=\"async\" class=\"alignnone  wp-image-341\" src=\"http:\/\/atelier-salon.de\/wp-content\/uploads\/2019\/08\/Bildschirmfoto-2019-08-16-um-07.18.42-300x145.png\" sizes=\"auto, (max-width: 601px) 100vw, 601px\" srcset=\"http:\/\/atelier-salon.de\/wp-content\/uploads\/2019\/08\/Bildschirmfoto-2019-08-16-um-07.18.42-300x145.png 300w, http:\/\/atelier-salon.de\/wp-content\/uploads\/2019\/08\/Bildschirmfoto-2019-08-16-um-07.18.42-768x371.png 768w, http:\/\/atelier-salon.de\/wp-content\/uploads\/2019\/08\/Bildschirmfoto-2019-08-16-um-07.18.42.png 824w\" alt=\"\" width=\"601\" height=\"290\"><\/strong><\/p>\n<p>August 2019 &#8222;Anja Maria Lang&#8220;<\/p>\n<p>Danke Anja, du bist bunt, lebensfroh und liebend, einfach gro\u00dfartig!<\/p>\n<p><img loading=\"lazy\" decoding=\"async\" class=\"alignnone size-medium wp-image-368\" src=\"http:\/\/atelier-salon.de\/wp-content\/uploads\/2019\/09\/IMG_1428-300x169.jpg\" alt=\"\" width=\"300\" height=\"169\" srcset=\"http:\/\/atelier-salon.de\/wp-content\/uploads\/2019\/09\/IMG_1428-300x169.jpg 300w, http:\/\/atelier-salon.de\/wp-content\/uploads\/2019\/09\/IMG_1428-768x432.jpg 768w, http:\/\/atelier-salon.de\/wp-content\/uploads\/2019\/09\/IMG_1428-1024x576.jpg 1024w, http:\/\/atelier-salon.de\/wp-content\/uploads\/2019\/09\/IMG_1428.jpg 1920w\" sizes=\"auto, (max-width: 300px) 100vw, 300px\" \/><\/p>\n<p><img loading=\"lazy\" decoding=\"async\" class=\"alignnone size-medium wp-image-361\" src=\"http:\/\/atelier-salon.de\/wp-content\/uploads\/2019\/09\/DSC_0034-300x199.jpg\" alt=\"\" width=\"300\" height=\"199\" srcset=\"http:\/\/atelier-salon.de\/wp-content\/uploads\/2019\/09\/DSC_0034-300x199.jpg 300w, http:\/\/atelier-salon.de\/wp-content\/uploads\/2019\/09\/DSC_0034-768x511.jpg 768w, http:\/\/atelier-salon.de\/wp-content\/uploads\/2019\/09\/DSC_0034-1024x681.jpg 1024w\" sizes=\"auto, (max-width: 300px) 100vw, 300px\" \/><img loading=\"lazy\" decoding=\"async\" class=\"alignnone size-medium wp-image-362\" src=\"http:\/\/atelier-salon.de\/wp-content\/uploads\/2019\/09\/IMG_6437-300x225.jpg\" alt=\"\" width=\"300\" height=\"225\" srcset=\"http:\/\/atelier-salon.de\/wp-content\/uploads\/2019\/09\/IMG_6437-300x225.jpg 300w, http:\/\/atelier-salon.de\/wp-content\/uploads\/2019\/09\/IMG_6437-768x576.jpg 768w, http:\/\/atelier-salon.de\/wp-content\/uploads\/2019\/09\/IMG_6437-1024x768.jpg 1024w\" sizes=\"auto, (max-width: 300px) 100vw, 300px\" \/> <img loading=\"lazy\" decoding=\"async\" class=\"alignnone size-medium wp-image-363\" src=\"http:\/\/atelier-salon.de\/wp-content\/uploads\/2019\/09\/IMG_6441-225x300.jpg\" alt=\"\" width=\"225\" height=\"300\" srcset=\"http:\/\/atelier-salon.de\/wp-content\/uploads\/2019\/09\/IMG_6441-225x300.jpg 225w, http:\/\/atelier-salon.de\/wp-content\/uploads\/2019\/09\/IMG_6441-768x1024.jpg 768w\" sizes=\"auto, (max-width: 225px) 100vw, 225px\" \/> <img loading=\"lazy\" decoding=\"async\" class=\"alignnone size-medium wp-image-365\" src=\"http:\/\/atelier-salon.de\/wp-content\/uploads\/2019\/09\/IMG_6443-225x300.jpg\" alt=\"\" width=\"225\" height=\"300\" srcset=\"http:\/\/atelier-salon.de\/wp-content\/uploads\/2019\/09\/IMG_6443-225x300.jpg 225w, http:\/\/atelier-salon.de\/wp-content\/uploads\/2019\/09\/IMG_6443-768x1024.jpg 768w\" sizes=\"auto, (max-width: 225px) 100vw, 225px\" \/> <img loading=\"lazy\" decoding=\"async\" class=\"alignnone size-medium wp-image-366\" src=\"http:\/\/atelier-salon.de\/wp-content\/uploads\/2019\/09\/IMG_6445-300x225.jpg\" alt=\"\" width=\"300\" height=\"225\" srcset=\"http:\/\/atelier-salon.de\/wp-content\/uploads\/2019\/09\/IMG_6445-300x225.jpg 300w, http:\/\/atelier-salon.de\/wp-content\/uploads\/2019\/09\/IMG_6445-768x576.jpg 768w, http:\/\/atelier-salon.de\/wp-content\/uploads\/2019\/09\/IMG_6445-1024x768.jpg 1024w\" sizes=\"auto, (max-width: 300px) 100vw, 300px\" \/>&nbsp;&nbsp;<img loading=\"lazy\" decoding=\"async\" class=\"alignnone size-medium wp-image-369\" src=\"http:\/\/atelier-salon.de\/wp-content\/uploads\/2019\/09\/IMG_1432-300x169.jpg\" alt=\"\" width=\"300\" height=\"169\" srcset=\"http:\/\/atelier-salon.de\/wp-content\/uploads\/2019\/09\/IMG_1432-300x169.jpg 300w, http:\/\/atelier-salon.de\/wp-content\/uploads\/2019\/09\/IMG_1432-768x432.jpg 768w, http:\/\/atelier-salon.de\/wp-content\/uploads\/2019\/09\/IMG_1432-1024x576.jpg 1024w, http:\/\/atelier-salon.de\/wp-content\/uploads\/2019\/09\/IMG_1432.jpg 1920w\" sizes=\"auto, (max-width: 300px) 100vw, 300px\" \/> <img loading=\"lazy\" decoding=\"async\" class=\"alignnone size-medium wp-image-370\" src=\"http:\/\/atelier-salon.de\/wp-content\/uploads\/2019\/09\/IMG_1444-300x169.jpg\" alt=\"\" width=\"300\" height=\"169\" srcset=\"http:\/\/atelier-salon.de\/wp-content\/uploads\/2019\/09\/IMG_1444-300x169.jpg 300w, http:\/\/atelier-salon.de\/wp-content\/uploads\/2019\/09\/IMG_1444-768x432.jpg 768w, http:\/\/atelier-salon.de\/wp-content\/uploads\/2019\/09\/IMG_1444-1024x576.jpg 1024w, http:\/\/atelier-salon.de\/wp-content\/uploads\/2019\/09\/IMG_1444.jpg 1920w\" sizes=\"auto, (max-width: 300px) 100vw, 300px\" \/>&nbsp; <img loading=\"lazy\" decoding=\"async\" class=\"alignnone size-medium wp-image-372\" src=\"http:\/\/atelier-salon.de\/wp-content\/uploads\/2019\/09\/IMG_1437-e1567668286538-169x300.jpg\" alt=\"\" width=\"169\" height=\"300\" srcset=\"http:\/\/atelier-salon.de\/wp-content\/uploads\/2019\/09\/IMG_1437-e1567668286538-169x300.jpg 169w, http:\/\/atelier-salon.de\/wp-content\/uploads\/2019\/09\/IMG_1437-e1567668286538-768x1365.jpg 768w, http:\/\/atelier-salon.de\/wp-content\/uploads\/2019\/09\/IMG_1437-e1567668286538-576x1024.jpg 576w, http:\/\/atelier-salon.de\/wp-content\/uploads\/2019\/09\/IMG_1437-e1567668286538.jpg 1080w\" sizes=\"auto, (max-width: 169px) 100vw, 169px\" \/> <img loading=\"lazy\" decoding=\"async\" class=\"alignnone size-medium wp-image-373\" src=\"http:\/\/atelier-salon.de\/wp-content\/uploads\/2019\/09\/IMG_1438-300x169.jpg\" alt=\"\" width=\"300\" height=\"169\" srcset=\"http:\/\/atelier-salon.de\/wp-content\/uploads\/2019\/09\/IMG_1438-300x169.jpg 300w, http:\/\/atelier-salon.de\/wp-content\/uploads\/2019\/09\/IMG_1438-768x432.jpg 768w, http:\/\/atelier-salon.de\/wp-content\/uploads\/2019\/09\/IMG_1438-1024x576.jpg 1024w, http:\/\/atelier-salon.de\/wp-content\/uploads\/2019\/09\/IMG_1438.jpg 1920w\" sizes=\"auto, (max-width: 300px) 100vw, 300px\" \/> <img loading=\"lazy\" decoding=\"async\" class=\"alignnone size-medium wp-image-374\" src=\"http:\/\/atelier-salon.de\/wp-content\/uploads\/2019\/09\/IMG_1439-e1567668299480-169x300.jpg\" alt=\"\" width=\"169\" height=\"300\" srcset=\"http:\/\/atelier-salon.de\/wp-content\/uploads\/2019\/09\/IMG_1439-e1567668299480-169x300.jpg 169w, http:\/\/atelier-salon.de\/wp-content\/uploads\/2019\/09\/IMG_1439-e1567668299480-768x1365.jpg 768w, http:\/\/atelier-salon.de\/wp-content\/uploads\/2019\/09\/IMG_1439-e1567668299480-576x1024.jpg 576w, http:\/\/atelier-salon.de\/wp-content\/uploads\/2019\/09\/IMG_1439-e1567668299480.jpg 1080w\" sizes=\"auto, (max-width: 169px) 100vw, 169px\" \/> <img loading=\"lazy\" decoding=\"async\" class=\"alignnone size-medium wp-image-375\" src=\"http:\/\/atelier-salon.de\/wp-content\/uploads\/2019\/09\/IMG_1440-300x169.jpg\" alt=\"\" width=\"300\" height=\"169\" srcset=\"http:\/\/atelier-salon.de\/wp-content\/uploads\/2019\/09\/IMG_1440-300x169.jpg 300w, http:\/\/atelier-salon.de\/wp-content\/uploads\/2019\/09\/IMG_1440-768x432.jpg 768w, http:\/\/atelier-salon.de\/wp-content\/uploads\/2019\/09\/IMG_1440-1024x576.jpg 1024w, http:\/\/atelier-salon.de\/wp-content\/uploads\/2019\/09\/IMG_1440.jpg 1920w\" sizes=\"auto, (max-width: 300px) 100vw, 300px\" \/><\/p>\n<p><em><strong># 25. August 2019, &nbsp;11.00 Uhr, Vernissage, <i>Fortstr. 10, Hinterhaus, 76829 LD<\/i><\/strong><\/em><\/p>\n<p>SEHNEN<\/p>\n<p>IRREN<\/p>\n<p>LIEBEN<\/p>\n<p>heile heile G\u00e4nsje<\/p>\n<p><em><strong>Anja Maria Lang, <\/strong><\/em>freie Kunst<\/p>\n<p><img loading=\"lazy\" decoding=\"async\" class=\"size-medium wp-image-355 aligncenter\" src=\"http:\/\/atelier-salon.de\/wp-content\/uploads\/2019\/08\/Bildschirmfoto-2019-08-16-um-20.42.39-300x300.png\" sizes=\"auto, (max-width: 300px) 100vw, 300px\" srcset=\"http:\/\/atelier-salon.de\/wp-content\/uploads\/2019\/08\/Bildschirmfoto-2019-08-16-um-20.42.39-300x300.png 300w, http:\/\/atelier-salon.de\/wp-content\/uploads\/2019\/08\/Bildschirmfoto-2019-08-16-um-20.42.39-150x150.png 150w, http:\/\/atelier-salon.de\/wp-content\/uploads\/2019\/08\/Bildschirmfoto-2019-08-16-um-20.42.39.png 661w\" alt=\"\" width=\"300\" height=\"300\"><img loading=\"lazy\" decoding=\"async\" class=\"size-medium wp-image-356 aligncenter\" src=\"http:\/\/atelier-salon.de\/wp-content\/uploads\/2019\/08\/Bildschirmfoto-2019-08-16-um-20.43.08-298x300.png\" sizes=\"auto, (max-width: 298px) 100vw, 298px\" srcset=\"http:\/\/atelier-salon.de\/wp-content\/uploads\/2019\/08\/Bildschirmfoto-2019-08-16-um-20.43.08-298x300.png 298w, http:\/\/atelier-salon.de\/wp-content\/uploads\/2019\/08\/Bildschirmfoto-2019-08-16-um-20.43.08-150x150.png 150w, http:\/\/atelier-salon.de\/wp-content\/uploads\/2019\/08\/Bildschirmfoto-2019-08-16-um-20.43.08.png 646w\" alt=\"\" width=\"298\" height=\"300\"><\/p>\n<p>Juni 2019 &nbsp;&#8222;Salon Er\u00f6ffnung&#8220;<\/p>\n<p>ein unvergessener Abend mit tollen K\u00fcnstlern und sehr vielen reizenden G\u00e4sten.<\/p>\n<p>Danke Annika, Levin mit Band, Kathrin und Debora. Danke Sz\u00e1va, Panni, Katalin und Konrad. Danke Evi, Peter, Kati, Isolde, Christina, Chris und Eugen. Danke Zsolt. Danke Rolf. Danke an alle, die da waren und mit uns den Salon feierlich eingeweiht haben.<\/p>\n<p><img loading=\"lazy\" decoding=\"async\" class=\"alignnone size-medium wp-image-292\" src=\"http:\/\/atelier-salon.de\/wp-content\/uploads\/2019\/08\/CESQ0815-225x300.jpg\" alt=\"\" width=\"225\" height=\"300\" srcset=\"http:\/\/atelier-salon.de\/wp-content\/uploads\/2019\/08\/CESQ0815-225x300.jpg 225w, http:\/\/atelier-salon.de\/wp-content\/uploads\/2019\/08\/CESQ0815-768x1024.jpg 768w, http:\/\/atelier-salon.de\/wp-content\/uploads\/2019\/08\/CESQ0815.jpg 1062w\" sizes=\"auto, (max-width: 225px) 100vw, 225px\" \/>&nbsp; &nbsp;<img loading=\"lazy\" decoding=\"async\" class=\"alignnone size-medium wp-image-296\" src=\"http:\/\/atelier-salon.de\/wp-content\/uploads\/2019\/08\/EKLU6087-300x225.jpg\" alt=\"\" width=\"300\" height=\"225\" srcset=\"http:\/\/atelier-salon.de\/wp-content\/uploads\/2019\/08\/EKLU6087-300x225.jpg 300w, http:\/\/atelier-salon.de\/wp-content\/uploads\/2019\/08\/EKLU6087-768x576.jpg 768w, http:\/\/atelier-salon.de\/wp-content\/uploads\/2019\/08\/EKLU6087-1024x768.jpg 1024w, http:\/\/atelier-salon.de\/wp-content\/uploads\/2019\/08\/EKLU6087.jpg 1600w\" sizes=\"auto, (max-width: 300px) 100vw, 300px\" \/>&nbsp; <img loading=\"lazy\" decoding=\"async\" class=\"alignnone size-medium wp-image-303\" src=\"http:\/\/atelier-salon.de\/wp-content\/uploads\/2019\/08\/USLV8632-225x300.jpg\" alt=\"\" width=\"225\" height=\"300\" srcset=\"http:\/\/atelier-salon.de\/wp-content\/uploads\/2019\/08\/USLV8632-225x300.jpg 225w, http:\/\/atelier-salon.de\/wp-content\/uploads\/2019\/08\/USLV8632-768x1024.jpg 768w, http:\/\/atelier-salon.de\/wp-content\/uploads\/2019\/08\/USLV8632.jpg 1062w\" sizes=\"auto, (max-width: 225px) 100vw, 225px\" \/> <img loading=\"lazy\" decoding=\"async\" class=\"alignnone size-medium wp-image-298\" src=\"http:\/\/atelier-salon.de\/wp-content\/uploads\/2019\/08\/IFER5373-225x300.jpg\" alt=\"\" width=\"225\" height=\"300\" srcset=\"http:\/\/atelier-salon.de\/wp-content\/uploads\/2019\/08\/IFER5373-225x300.jpg 225w, http:\/\/atelier-salon.de\/wp-content\/uploads\/2019\/08\/IFER5373-768x1024.jpg 768w, http:\/\/atelier-salon.de\/wp-content\/uploads\/2019\/08\/IFER5373.jpg 1062w\" sizes=\"auto, (max-width: 225px) 100vw, 225px\" \/><img loading=\"lazy\" decoding=\"async\" class=\"alignnone wp-image-310 size-medium\" src=\"http:\/\/atelier-salon.de\/wp-content\/uploads\/2019\/08\/Bildschirmfoto-2019-08-04-um-12.45.13-e1564917753345-300x164.png\" alt=\"\" width=\"300\" height=\"164\" srcset=\"http:\/\/atelier-salon.de\/wp-content\/uploads\/2019\/08\/Bildschirmfoto-2019-08-04-um-12.45.13-e1564917753345-300x164.png 300w, http:\/\/atelier-salon.de\/wp-content\/uploads\/2019\/08\/Bildschirmfoto-2019-08-04-um-12.45.13-e1564917753345.png 623w\" sizes=\"auto, (max-width: 300px) 100vw, 300px\" \/><img loading=\"lazy\" decoding=\"async\" class=\"alignnone size-medium wp-image-309\" src=\"http:\/\/atelier-salon.de\/wp-content\/uploads\/2019\/08\/Bildschirmfoto-2019-08-04-um-12.42.31-300x165.png\" alt=\"\" width=\"300\" height=\"165\" srcset=\"http:\/\/atelier-salon.de\/wp-content\/uploads\/2019\/08\/Bildschirmfoto-2019-08-04-um-12.42.31-300x165.png 300w, http:\/\/atelier-salon.de\/wp-content\/uploads\/2019\/08\/Bildschirmfoto-2019-08-04-um-12.42.31-768x422.png 768w, http:\/\/atelier-salon.de\/wp-content\/uploads\/2019\/08\/Bildschirmfoto-2019-08-04-um-12.42.31.png 865w\" sizes=\"auto, (max-width: 300px) 100vw, 300px\" \/> <img loading=\"lazy\" decoding=\"async\" class=\"alignnone wp-image-311 size-medium\" src=\"http:\/\/atelier-salon.de\/wp-content\/uploads\/2019\/08\/Bildschirmfoto-2019-08-04-um-12.48.35-e1564918045918-300x163.png\" alt=\"\" width=\"300\" height=\"163\" srcset=\"http:\/\/atelier-salon.de\/wp-content\/uploads\/2019\/08\/Bildschirmfoto-2019-08-04-um-12.48.35-e1564918045918-300x163.png 300w, http:\/\/atelier-salon.de\/wp-content\/uploads\/2019\/08\/Bildschirmfoto-2019-08-04-um-12.48.35-e1564918045918.png 604w\" sizes=\"auto, (max-width: 300px) 100vw, 300px\" \/> <img loading=\"lazy\" decoding=\"async\" class=\"alignnone wp-image-313 size-medium\" src=\"http:\/\/atelier-salon.de\/wp-content\/uploads\/2019\/08\/Bildschirmfoto-2019-08-04-um-12.55.10-e1564917727387-300x166.png\" alt=\"\" width=\"300\" height=\"166\" srcset=\"http:\/\/atelier-salon.de\/wp-content\/uploads\/2019\/08\/Bildschirmfoto-2019-08-04-um-12.55.10-e1564917727387-300x166.png 300w, http:\/\/atelier-salon.de\/wp-content\/uploads\/2019\/08\/Bildschirmfoto-2019-08-04-um-12.55.10-e1564917727387.png 602w\" sizes=\"auto, (max-width: 300px) 100vw, 300px\" \/>&nbsp;&nbsp;<img loading=\"lazy\" decoding=\"async\" class=\"alignnone wp-image-315 size-medium\" src=\"http:\/\/atelier-salon.de\/wp-content\/uploads\/2019\/08\/Bildschirmfoto-2019-08-04-um-12.58.10-e1564918137457-300x164.png\" alt=\"\" width=\"300\" height=\"164\" srcset=\"http:\/\/atelier-salon.de\/wp-content\/uploads\/2019\/08\/Bildschirmfoto-2019-08-04-um-12.58.10-e1564918137457-300x164.png 300w, http:\/\/atelier-salon.de\/wp-content\/uploads\/2019\/08\/Bildschirmfoto-2019-08-04-um-12.58.10-e1564918137457.png 604w\" sizes=\"auto, (max-width: 300px) 100vw, 300px\" \/> <img loading=\"lazy\" decoding=\"async\" class=\"alignnone wp-image-316 size-medium\" src=\"http:\/\/atelier-salon.de\/wp-content\/uploads\/2019\/08\/Bildschirmfoto-2019-08-04-um-12.58.49-e1564917798216-300x164.png\" alt=\"\" width=\"300\" height=\"164\" srcset=\"http:\/\/atelier-salon.de\/wp-content\/uploads\/2019\/08\/Bildschirmfoto-2019-08-04-um-12.58.49-e1564917798216-300x164.png 300w, http:\/\/atelier-salon.de\/wp-content\/uploads\/2019\/08\/Bildschirmfoto-2019-08-04-um-12.58.49-e1564917798216.png 605w\" sizes=\"auto, (max-width: 300px) 100vw, 300px\" \/>&nbsp;&nbsp;<img loading=\"lazy\" decoding=\"async\" class=\"alignnone wp-image-318 size-medium\" src=\"http:\/\/atelier-salon.de\/wp-content\/uploads\/2019\/08\/Bildschirmfoto-2019-08-04-um-13.04.07-e1564917880302-300x165.png\" alt=\"\" width=\"300\" height=\"165\" srcset=\"http:\/\/atelier-salon.de\/wp-content\/uploads\/2019\/08\/Bildschirmfoto-2019-08-04-um-13.04.07-e1564917880302-300x165.png 300w, http:\/\/atelier-salon.de\/wp-content\/uploads\/2019\/08\/Bildschirmfoto-2019-08-04-um-13.04.07-e1564917880302.png 604w\" sizes=\"auto, (max-width: 300px) 100vw, 300px\" \/>&nbsp;&nbsp;&nbsp;<img loading=\"lazy\" decoding=\"async\" class=\"alignnone wp-image-321 size-medium\" src=\"http:\/\/atelier-salon.de\/wp-content\/uploads\/2019\/08\/Bildschirmfoto-2019-08-04-um-13.11.29-e1564918241884-300x165.png\" alt=\"\" width=\"300\" height=\"165\" srcset=\"http:\/\/atelier-salon.de\/wp-content\/uploads\/2019\/08\/Bildschirmfoto-2019-08-04-um-13.11.29-e1564918241884-300x165.png 300w, http:\/\/atelier-salon.de\/wp-content\/uploads\/2019\/08\/Bildschirmfoto-2019-08-04-um-13.11.29-e1564918241884.png 603w\" sizes=\"auto, (max-width: 300px) 100vw, 300px\" \/> <img loading=\"lazy\" decoding=\"async\" class=\"alignnone wp-image-322 size-medium\" src=\"http:\/\/atelier-salon.de\/wp-content\/uploads\/2019\/08\/Bildschirmfoto-2019-08-04-um-13.14.28-e1564917909392-300x179.png\" alt=\"\" width=\"300\" height=\"179\" srcset=\"http:\/\/atelier-salon.de\/wp-content\/uploads\/2019\/08\/Bildschirmfoto-2019-08-04-um-13.14.28-e1564917909392-300x179.png 300w, http:\/\/atelier-salon.de\/wp-content\/uploads\/2019\/08\/Bildschirmfoto-2019-08-04-um-13.14.28-e1564917909392.png 563w\" sizes=\"auto, (max-width: 300px) 100vw, 300px\" \/><\/p>\n<p><img loading=\"lazy\" decoding=\"async\" class=\"alignnone size-medium wp-image-301\" src=\"http:\/\/atelier-salon.de\/wp-content\/uploads\/2019\/08\/QULV7600-225x300.jpg\" alt=\"\" width=\"225\" height=\"300\" srcset=\"http:\/\/atelier-salon.de\/wp-content\/uploads\/2019\/08\/QULV7600-225x300.jpg 225w, http:\/\/atelier-salon.de\/wp-content\/uploads\/2019\/08\/QULV7600-768x1024.jpg 768w, http:\/\/atelier-salon.de\/wp-content\/uploads\/2019\/08\/QULV7600.jpg 1062w\" sizes=\"auto, (max-width: 225px) 100vw, 225px\" \/>&nbsp; &nbsp;<img loading=\"lazy\" decoding=\"async\" class=\"alignnone size-medium wp-image-300\" src=\"http:\/\/atelier-salon.de\/wp-content\/uploads\/2019\/08\/PSXA7636-240x300.jpg\" alt=\"\" width=\"240\" height=\"300\" srcset=\"http:\/\/atelier-salon.de\/wp-content\/uploads\/2019\/08\/PSXA7636-240x300.jpg 240w, http:\/\/atelier-salon.de\/wp-content\/uploads\/2019\/08\/PSXA7636-768x960.jpg 768w, http:\/\/atelier-salon.de\/wp-content\/uploads\/2019\/08\/PSXA7636-819x1024.jpg 819w, http:\/\/atelier-salon.de\/wp-content\/uploads\/2019\/08\/PSXA7636.jpg 1280w\" sizes=\"auto, (max-width: 240px) 100vw, 240px\" \/>&nbsp; <img loading=\"lazy\" decoding=\"async\" class=\"alignnone size-medium wp-image-401\" src=\"http:\/\/atelier-salon.de\/wp-content\/uploads\/2019\/11\/6e799874-af29-4462-9251-3ae9a3fd9a13-300x225.jpg\" alt=\"\" width=\"300\" height=\"225\" srcset=\"http:\/\/atelier-salon.de\/wp-content\/uploads\/2019\/11\/6e799874-af29-4462-9251-3ae9a3fd9a13-300x225.jpg 300w, http:\/\/atelier-salon.de\/wp-content\/uploads\/2019\/11\/6e799874-af29-4462-9251-3ae9a3fd9a13-768x576.jpg 768w, http:\/\/atelier-salon.de\/wp-content\/uploads\/2019\/11\/6e799874-af29-4462-9251-3ae9a3fd9a13-1024x768.jpg 1024w, http:\/\/atelier-salon.de\/wp-content\/uploads\/2019\/11\/6e799874-af29-4462-9251-3ae9a3fd9a13.jpg 1600w\" sizes=\"auto, (max-width: 300px) 100vw, 300px\" \/><\/p>\n<p><strong>Initiation Atelier \u2013 Salon<\/strong><\/p>\n<p><em><strong># &nbsp;Vernissage 07. Juni&nbsp;2019, &nbsp;19.00 Uhr, <i>Fortstr. 10, Hinterhaus, 76829 LD<\/i><\/strong><\/em><\/p>\n<p>Vera Volni, Malerei \/&nbsp;Ursula S. Mueller, Fotografie<\/p>\n<p><em>Frau Dr. Annika Hand philosophiert frei \u00fcber die Historie des Geb\u00e4udes, dessen Sanierung \/ Neubelebung und die Arbeiten der ausstellenden K\u00fcnstlerinnen.<\/em><\/p>\n<p><strong>Musik<\/strong><\/p>\n<p><em>Levin Wei\u00df mit Band (Klavier, Bass, Schlagzeug, Saxofon), Kathrin Meyer (Akkordeon), Debora Engel (Violine), Annika Hand (Gesang)<\/em><\/p>\n<p><img loading=\"lazy\" decoding=\"async\" class=\"alignnone  wp-image-324\" src=\"http:\/\/atelier-salon.de\/wp-content\/uploads\/2019\/08\/Bildschirmfoto-2019-08-04-um-14.21.32-288x300.png\" sizes=\"auto, (max-width: 414px) 100vw, 414px\" srcset=\"http:\/\/atelier-salon.de\/wp-content\/uploads\/2019\/08\/Bildschirmfoto-2019-08-04-um-14.21.32-288x300.png 288w, http:\/\/atelier-salon.de\/wp-content\/uploads\/2019\/08\/Bildschirmfoto-2019-08-04-um-14.21.32.png 639w\" alt=\"\" width=\"414\" height=\"431\"><\/p>\n<p><em><strong># Sonnt\u00e4gliche Matinee, 09. Juni&nbsp;2019, &nbsp;11.00 Uhr<\/strong><\/em><\/p>\n<p>Vera Volni, Malerei \/&nbsp;Ursula S. Mueller, Fotografie<\/p>\n<p><em>Frau Dr. Annika Hand w\u00fcrdigt die Gebr\u00fcder Croissant, deren Werke und Bedeutung f\u00fcr die Region.<\/em><\/p>\n<p><strong>Musik&nbsp;<\/strong><\/p>\n<p><em>Levin Wei\u00df mit Band (Klavier, Bass, Schlagzeug, Saxofon)<\/em>, &nbsp;<em>Annika Hand (Gesang)<\/em>&nbsp;u.a.<\/p>\n<\/p>\n\n\n<p><\/p>\n","protected":false},"excerpt":{"rendered":"<p>Freitag, 08. Mai 2026, 19.00 Uhr \u2022Konzert Eintritt 15 \u20ac, erm\u00e4\u00dfigt 12 \u20ac Mi, 15. April 2026, 18:30 Uhr \u2022 Literatur \u201eLa maison vide\u201c Literarischer Salon Foto\/Illustration: Pymouss, CC BY-SA 4.0 Die Deutsch-Franz\u00f6sische Gesellschaft (DFG) Landau und die Romanistik der RPTU Kaiserslautern-Landau laden zu einem Abend mit Literatur und Diskussion ein. Im Mittelpunkt des dritten [&hellip;]<\/p>\n","protected":false},"author":1,"featured_media":0,"parent":0,"menu_order":2,"comment_status":"closed","ping_status":"closed","template":"","meta":{"footnotes":""},"class_list":["post-42","page","type-page","status-publish","hentry"],"_links":{"self":[{"href":"http:\/\/atelier-salon.de\/index.php?rest_route=\/wp\/v2\/pages\/42","targetHints":{"allow":["GET"]}}],"collection":[{"href":"http:\/\/atelier-salon.de\/index.php?rest_route=\/wp\/v2\/pages"}],"about":[{"href":"http:\/\/atelier-salon.de\/index.php?rest_route=\/wp\/v2\/types\/page"}],"author":[{"embeddable":true,"href":"http:\/\/atelier-salon.de\/index.php?rest_route=\/wp\/v2\/users\/1"}],"replies":[{"embeddable":true,"href":"http:\/\/atelier-salon.de\/index.php?rest_route=%2Fwp%2Fv2%2Fcomments&post=42"}],"version-history":[{"count":198,"href":"http:\/\/atelier-salon.de\/index.php?rest_route=\/wp\/v2\/pages\/42\/revisions"}],"predecessor-version":[{"id":1132,"href":"http:\/\/atelier-salon.de\/index.php?rest_route=\/wp\/v2\/pages\/42\/revisions\/1132"}],"wp:attachment":[{"href":"http:\/\/atelier-salon.de\/index.php?rest_route=%2Fwp%2Fv2%2Fmedia&parent=42"}],"curies":[{"name":"wp","href":"https:\/\/api.w.org\/{rel}","templated":true}]}}